{"id":1782,"date":"2020-11-11T16:01:16","date_gmt":"2020-11-11T15:01:16","guid":{"rendered":"https:\/\/www.rdpemancipation.org\/?page_id=1782"},"modified":"2023-03-19T11:41:28","modified_gmt":"2023-03-19T10:41:28","slug":"1782-2","status":"publish","type":"page","link":"https:\/\/www.rdpemancipation.org\/?page_id=1782","title":{"rendered":"Qui sommes nous ?"},"content":{"rendered":"\n<p><mark style=\"background-color:rgba(0, 0, 0, 0)\" class=\"has-inline-color has-contrast-color\">Nous sommes toutes et tous b\u00e9n\u00e9voles du <em>Collectif &lsquo;Emancipation!<\/em><\/mark>&lsquo;<\/p>\n\n\n\n<p><mark style=\"background-color:rgba(0, 0, 0, 0)\" class=\"has-inline-color has-contrast-color\">Notre revue de presse a \u00e9t\u00e9 con\u00e7ue sans pr\u00e9f\u00e9rence partisane, pour toutes celles et ceux qui battent le pav\u00e9, qui sont motiv\u00e9.e.s par la d\u00e9fense de leurs droits et de la plan\u00e8te, r\u00e9volt\u00e9.e.s par l\u2019ampleur des in\u00e9galit\u00e9s et le m\u00e9pris des femmes, exploit\u00e9.e.s et f\u00e2ch\u00e9.e.s qui ne veulent pas se r\u00e9signer au \u00ab pr\u00eat \u00e0 penser \u00bb.<\/mark><\/p>\n\n\n\n<p><mark style=\"background-color:rgba(0, 0, 0, 0);color:#cb0909\" class=\"has-inline-color\"><strong>Nous poursuivons deux objectifs majeurs.<\/strong><\/mark><\/p>\n\n\n\n<p><strong><mark style=\"background-color:rgba(0, 0, 0, 0)\" class=\"has-inline-color has-contrast-color\">1) D\u00e9noncer<\/mark><\/strong><\/p>\n\n\n\n<p><mark style=\"background-color:rgba(0, 0, 0, 0)\" class=\"has-inline-color has-contrast-color\">La Revue de presse relaie un tr\u00e8s grand nombre d\u2019enqu\u00eates qui passent souvent sous les radars des grands m\u00e9dias, sur les injustices, les mensonges, la corruption, les in\u00e9galit\u00e9s, les souffrances au travail, la brutalit\u00e9 du pouvoir etc.<\/mark><\/p>\n\n\n\n<p><mark style=\"background-color:rgba(0, 0, 0, 0)\" class=\"has-inline-color has-contrast-color\">Notre force, c\u2019est la constance et la coh\u00e9rence dans ces d\u00e9nonciations. La grande presse, les m\u00e9dias dominants sont versatiles, ils traitent <em>au m\u00eame niveau<\/em> l\u2019info \u00e9tay\u00e9e du lanceur d\u2019alerte et les insinuations mensong\u00e8re des lobbies qui tentent de \u00ab\u00a0<em>noyer le poisson<\/em>\u00a0\u00bb pour leurs int\u00e9r\u00eats tr\u00e8s particuliers. Les Unes du jour enterrent celles de la veille, m\u00eame si ces derni\u00e8res sont d\u2019importance capitale.<\/mark><\/p>\n\n\n\n<p><mark style=\"background-color:rgba(0, 0, 0, 0)\" class=\"has-inline-color has-contrast-color\">L\u2019objectif de notre revue de presse est de maintenir le m\u00eame degr\u00e9 d\u2019attention, de conviction et de conscience sur les injustices du capital, tout en restant ouverte \u00e0 un large choix d\u2019option dans les luttes, les choix politiques ou associatifs&#8230;<\/mark><\/p>\n\n\n\n<p><mark style=\"background-color:rgba(0, 0, 0, 0)\" class=\"has-inline-color has-contrast-color\"><strong>2)<\/strong> <strong>Nous regonfler le moral<\/strong> <strong>!<\/strong><\/mark><\/p>\n\n\n\n<p><mark style=\"background-color:rgba(0, 0, 0, 0)\" class=\"has-inline-color has-contrast-color\">La revue de presse Emancipation a l&rsquo;objectif d&rsquo;y contribuer car elle s\u2019adresse \u00e0 une tr\u00e8s large part d&rsquo;entre nous.\u00a0Isol\u00e9.e.s ou encart\u00e9.e.s, militant.e.s ou non, travailleuses et travailleurs, ch\u00f4meuses, ch\u00f4meurs ou sans emplois, pr\u00e9caires, gr\u00e9vistes ou priv\u00e9.e.s de droit de gr\u00e8ves, angoiss\u00e9.e.s par le climat (\u00e0 juste titre), harcel\u00e9.e;s, m\u00e9pris\u00e9.e.s, exclus du service public, jeunes et vieux, sans-papier (&#8230;) <strong>nous ne sommes pas seuls !<\/strong><\/mark><\/p>\n\n\n\n<p><mark style=\"background-color:rgba(0, 0, 0, 0)\" class=\"has-inline-color has-contrast-color\">Les actualit\u00e9s que nous relayons montrent que nous sommes tr\u00e8s nombreux, en France et dans le monde entier, \u00e0 nous rassembler pour nous informer et nous battre.<\/mark><\/p>\n\n\n\n<p><mark style=\"background-color:rgba(0, 0, 0, 0)\" class=\"has-inline-color has-contrast-color\">Les analyses souvent m\u00e9connues que nous d\u00e9couvrons dans la presse ind\u00e9pendante d\u00e9montrent que nous avons raison de le faire.<\/mark><\/p>\n\n\n\n<p><mark style=\"background-color:rgba(0, 0, 0, 0)\" class=\"has-inline-color has-contrast-color\">La revue de presse <em>Emancipation ! <\/em>est sans \u00e9quivalent sur Internet : des centaines de titres tous les jours, fruit d\u2019une veille de centaines de sources, autant d&rsquo;articles et de vid\u00e9os class\u00e9s par rubriques et\/ou dossiers.  Ces titres ouvrent sur des textes, dessins et images qui concernent les luttes sociales, politiques, f\u00e9ministes, \u00e9cologistes, antiracistes et internationalistes, et bien d\u2019autres recherches utiles aux acteurs de l\u2019\u00e9mancipation.\u00a0<\/mark><\/p>\n\n\n\n<p><mark style=\"background-color:rgba(0, 0, 0, 0)\" class=\"has-inline-color has-contrast-color\">Pour \u00e9largir encore l\u2019\u00e9ventail des sources, alimenter les rubriques et am\u00e9liorer la qualit\u00e9 de la s\u00e9lection, le Collectif continue  \u00e0 s&rsquo;\u00e9largir. De lecteur devenez veilleur d\u2019<em>Emancipation! <\/em>sur un sujet de votre choix, rubrique ou dossier. Partagez l\u2019invitation avec des amis et camarades \u00e0 qui vous faites confiance. <\/mark><\/p>\n\n\n\n<p><strong>Liste des contributeurs publics<\/strong>. Pour contacter un contributeur, lui \u00e9crire au mail de Emancipation: <mark style=\"background-color:rgba(0, 0, 0, 0)\" class=\"has-inline-color has-accent-color\">rdpemancipation@protonmail.com<\/mark><\/p>\n\n\n\n<p>Denise Douzant &#8211; Fran\u00e7oise Morin &#8211; Marie R &#8211; Marie Andr\u00e9 &#8211; Fr\u00e9d\u00e9ric P &#8211; Christophe &#8211; Nicole Che.<\/p>\n\n\n\n<p><em><mark style=\"background-color:rgba(0, 0, 0, 0);color:#1d1fc3\" class=\"has-inline-color\">Emancipation est une revue de presse. Les articles derri\u00e8re les titres s\u00e9lectionn\u00e9s n&rsquo;engagent que leurs auteurs<\/mark><\/em>.<\/p>\n","protected":false},"excerpt":{"rendered":"<p>Nous sommes toutes et tous b\u00e9n\u00e9voles du Collectif &lsquo;Emancipation!&lsquo; Notre revue de presse a \u00e9t\u00e9 con\u00e7ue sans pr\u00e9f\u00e9rence partisane, pour toutes celles et ceux qui battent le pav\u00e9, qui sont motiv\u00e9.e.s par la d\u00e9fense de leurs droits et de la plan\u00e8te, r\u00e9volt\u00e9.e.s par l\u2019ampleur des in\u00e9galit\u00e9s et le m\u00e9pris des femmes, exploit\u00e9.e.s et f\u00e2ch\u00e9.e.s qui &#8230; <a title=\"Qui sommes nous ?\" class=\"read-more\" href=\"https:\/\/www.rdpemancipation.org\/?page_id=1782\" aria-label=\"En savoir plus sur Qui sommes nous ?\">Lire la suite<\/a><\/p>\n","protected":false},"author":1,"featured_media":0,"parent":0,"menu_order":0,"comment_status":"closed","ping_status":"closed","template":"","meta":{"_lmt_disableupdate":"no","_lmt_disable":"","footnotes":""},"class_list":["post-1782","page","type-page","status-publish"],"jetpack_sharing_enabled":true,"_links":{"self":[{"href":"https:\/\/www.rdpemancipation.org\/index.php?rest_route=\/wp\/v2\/pages\/1782","targetHints":{"allow":["GET"]}}],"collection":[{"href":"https:\/\/www.rdpemancipation.org\/index.php?rest_route=\/wp\/v2\/pages"}],"about":[{"href":"https:\/\/www.rdpemancipation.org\/index.php?rest_route=\/wp\/v2\/types\/page"}],"author":[{"embeddable":true,"href":"https:\/\/www.rdpemancipation.org\/index.php?rest_route=\/wp\/v2\/users\/1"}],"replies":[{"embeddable":true,"href":"https:\/\/www.rdpemancipation.org\/index.php?rest_route=%2Fwp%2Fv2%2Fcomments&post=1782"}],"version-history":[{"count":47,"href":"https:\/\/www.rdpemancipation.org\/index.php?rest_route=\/wp\/v2\/pages\/1782\/revisions"}],"predecessor-version":[{"id":111499,"href":"https:\/\/www.rdpemancipation.org\/index.php?rest_route=\/wp\/v2\/pages\/1782\/revisions\/111499"}],"wp:attachment":[{"href":"https:\/\/www.rdpemancipation.org\/index.php?rest_route=%2Fwp%2Fv2%2Fmedia&parent=1782"}],"curies":[{"name":"wp","href":"https:\/\/api.w.org\/{rel}","templated":true}]}}