{"id":153222,"date":"2026-06-02T09:40:56","date_gmt":"2026-06-02T07:40:56","guid":{"rendered":"https:\/\/www.rdpemancipation.org\/?page_id=153222"},"modified":"2026-08-31T18:03:06","modified_gmt":"2026-08-31T16:03:06","slug":"lessentiel-2","status":"publish","type":"page","link":"https:\/\/www.rdpemancipation.org\/","title":{"rendered":"L&rsquo;Essentiel."},"content":{"rendered":"\n<p class=\"has-text-color has-link-color wp-elements-1 wp-block-paragraph\" style=\"color:#b921c9\"><strong>Palestine<\/strong>,&nbsp;<strong>Iran<\/strong>&nbsp;: Analyses, vid\u00e9os et infos dans la rubrique&nbsp;<strong><a href=\"https:\/\/www.rdpemancipation.org\/?cat=18\">Proche et Moyen-Orient<\/a><\/strong><\/p>\n\n\n\n<p class=\"has-text-color has-link-color wp-elements-2 wp-block-paragraph\" style=\"color:#b921c9\"><strong><a href=\"https:\/\/www.rdpemancipation.org\/?p=138929\">Dossier IA<\/a>&nbsp;<\/strong>: Actualit\u00e9, Analyses<\/p>\n\n\n\n<p class=\"wp-block-paragraph\"><strong><strong><strong><mark style=\"background-color:rgba(0, 0, 0, 0);color:#ed1010\" class=\"has-inline-color\">L&rsquo;essentiel du 31 ao\u00fbt<\/mark><\/strong><\/strong><\/strong><\/p>\n\n\n\n<p class=\"wp-block-paragraph\"><a href=\"https:\/\/blog.mondediplo.net\/le-frigo-l-euro-et-le-plan-b\">Le frigo, l\u2019euro et le plan B<\/a> (La pompe \u00e0 phynance)<\/p>\n\n\n\n<p class=\"wp-block-paragraph\"><a href=\"https:\/\/reporterre.net\/Apres-cet-ete-de-chaos-la-colere-ne-doit-pas-retomber\">N\u2019oublions jamais cet \u00e9t\u00e9 de chaos, ne pardonnons pas aux responsables<\/a> (Reporterre)<\/p>\n\n\n\n<p class=\"wp-block-paragraph\"><a href=\"https:\/\/www.zdnet.fr\/actualites\/nvidia-rachete-hugging-face-pour-129-milliards-de-dollars-un-seisme-pour-lecosysteme-de-lia-open-source-500737.htm\">Nvidia rach\u00e8te Hugging Face pour 12,9 milliards de dollars&nbsp;: un s\u00e9isme pour l\u2019\u00e9cosyst\u00e8me de l\u2019IA open source<\/a>&nbsp;(zdnet)<\/p>\n\n\n\n<p class=\"wp-block-paragraph\"><a href=\"https:\/\/www.lefigaro.fr\/international\/referendum-sur-l-ue-en-islande-le-rejet-n-est-pas-un-revers-mais-une-victoire-pour-la-democratie-affirme-la-premiere-ministre-20260830\">R\u00e9f\u00e9rendum sur l&rsquo;UE en Islande : le rejet n\u2019est \u00abpas un revers\u00bb mais une \u00abvictoire pour la d\u00e9mocratie\u00bb, affirme la premi\u00e8re ministre<\/a> (Le Figaro, AFP)<\/p>\n\n\n\n<p class=\"wp-block-paragraph\"><a href=\"https:\/\/lundi.am\/Apres-juillet\">Revenir sur le sabotage collectif du chantier du TAV dans la vall\u00e9e de Suse<\/a> (Lundi AM)<\/p>\n\n\n\n<p class=\"wp-block-paragraph\"><a href=\"https:\/\/basta.media\/rentree-septembre-resurgence-du-travail-des-enfants-regression-historique\">Rentr\u00e9e scolaire&nbsp;: \u00ab&nbsp;On assiste \u00e0 la r\u00e9surgence du travail des enfants, c\u2019est une r\u00e9gression historique&nbsp;\u00bb<\/a> (basta!)<\/p>\n\n\n\n<p class=\"wp-block-paragraph\"><a href=\"https:\/\/www.blast-info.fr\/articles\/2026\/strasbourg-capitale-des-droits-humains-et-des-familles-a-la-rue-2-2-le-bidonville-de-krimmeri-3xHh_WAFRL6S1RHV9fTefA\">Strasbourg, capitale des droits humains\u2026 et des familles \u00e0 la rue (2\/2)\u202f: le bidonville de Krimmeri<\/a> (blast)<\/p>\n\n\n\n<p class=\"wp-block-paragraph\"><a href=\"https:\/\/reporterre.net\/A-la-COP17-contre-la-desertification-la-REP-A-la-COP17-contre-la-desertification-la\">\u00ab&nbsp;Ce n\u2019est pas acceptable&nbsp;\u00bb&nbsp;: \u00e0 la COP17, la soci\u00e9t\u00e9 civile exclue des d\u00e9bats<\/a>&nbsp;(Reporterre)<\/p>\n\n\n\n<p class=\"wp-block-paragraph\"><a href=\"https:\/\/framablog.org\/2026\/08\/30\/pour-une-ia-cooperative\/\">Pour une IA coop\u00e9rative<\/a> (Framablog, DLA)<\/p>\n\n\n\n<p class=\"wp-block-paragraph\"><a href=\"https:\/\/www.humanite.fr\/social-et-economie\/champagne\/vendanges-de-la-honte-en-champagne-lesclavage-moderne-menace-toujours-les-saisonniers-etrangers\">\u00ab&nbsp;Vendanges de la honte&nbsp;\u00bb&nbsp;: en Champagne, l\u2019esclavage moderne menace toujours les saisonniers \u00e9trangers<\/a> (l\u2019Humanit\u00e9)<\/p>\n\n\n\n<p class=\"wp-block-paragraph\"><a href=\"https:\/\/www.sauvonslesindes.fr\/\">Sauvons les \u00e9diteurs ind\u00e9pendants<\/a> &nbsp;(SLI)<\/p>\n\n\n\n<p class=\"wp-block-paragraph\"><a href=\"https:\/\/www.monde-diplomatique.fr\/2026\/09\/TENNE\/69845\">Contre la r\u00e9signation<\/a>&nbsp;(Le Monde Diplomatique)<\/p>\n\n\n\n<p class=\"wp-block-paragraph\"><a href=\"https:\/\/www.telerama.fr\/livre\/quel-avenir-pour-les-librairies-gibert-une-semaine-decisive-pour-les-salaries-7032641.php\">Librairies Gibert&nbsp;? Une semaine d\u00e9cisive pour les salari\u00e9s<\/a>&nbsp;(T\u00e9l\u00e9rama)<\/p>\n\n\n\n<p class=\"wp-block-paragraph\"><a href=\"https:\/\/www.nonfiction.fr\/article-12811-working-les-voix-du-travail.htm\">Working : les voix du travail<\/a>&nbsp;(Nonfiction)<\/p>\n\n\n\n<p class=\"wp-block-paragraph\"><a href=\"https:\/\/www.huffingtonpost.fr\/international\/video\/des-centaines-de-disparus-apres-des-crues-eclair-devastatrices-a-la-frontiere-entre-le-nepal-et-le-tibet_312481.html\">Des centaines de disparu\u00b7es apr\u00e8s des crues \u00e9clair d\u00e9vastatrices \u00e0 la fronti\u00e8re entre le N\u00e9pal et le Tibet<\/a>&nbsp;(Huffingtonpost)<\/p>\n\n\n\n<p class=\"wp-block-paragraph\"><a href=\"https:\/\/theconversation.com\/entre-conflits-armes-et-el-nino-la-dangereuse-convergence-des-crises-en-mer-rouge-290123\">Entre conflits arm\u00e9s et El Ni\u00f1o, la dangereuse convergence des crises en mer Rouge<\/a>&nbsp;(The conversation)<\/p>\n\n\n\n<p class=\"wp-block-paragraph\"><a href=\"https:\/\/www.theguardian.com\/uk-news\/2026\/aug\/25\/never-seen-this-level-of-objection-scotland-pushes-back-against-datacentre-boom\">\u2018Never seen this level of objection\u2019\u00a0: Scotland pushes back against data center boom<\/a>\u00a0(The guardian)<\/p>\n\n\n\n<p class=\"wp-block-paragraph\"><strong><strong><strong><mark style=\"background-color:rgba(0, 0, 0, 0);color:#ed1010\" class=\"has-inline-color\">L&rsquo;essentiel du 29 ao\u00fbt<\/mark><\/strong><\/strong><\/strong><\/p>\n\n\n\n<p class=\"wp-block-paragraph\"><a href=\"https:\/\/www.monde-diplomatique.fr\/2026\/09\/A\/69892\">Une Allemagne pr\u00eate \u00e0 la guerre ?<\/a> (Le Monde diplomatique)<\/p>\n\n\n\n<p class=\"wp-block-paragraph\"><a href=\"https:\/\/www.hors-serie.net\/on-est-la\/\">\u00ab\u00a0On est l\u00e0\u00a0\u00bb<\/a> (Hors s\u00e9rie)<\/p>\n\n\n\n<p class=\"wp-block-paragraph\"><a href=\"https:\/\/www.monde-diplomatique.fr\/2026\/09\/LARBI_BOUGUERRA\/69837\">La faim qui vient<\/a> (Le Monde diplomatique)<\/p>\n\n\n\n<p class=\"wp-block-paragraph\"><a href=\"https:\/\/www.rfi.fr\/fr\/technologies\/20260818-intelligence-artificielle-openai-s-offre-le-futur-plus-grand-centre-de-donn%C3%A9es-d-ia-au-monde\">OpenAI s\u2019offre le futur plus grand centre de donn\u00e9es d\u2019IA au monde<\/a>&nbsp;(RFI)<\/p>\n\n\n\n<p class=\"wp-block-paragraph\"><a href=\"https:\/\/www.huffingtonpost.fr\/tech-futurs\/article\/sous-la-pression-openai-commence-a-deployer-son-chatgpt-bride-pour-ados_307166.html\">Sous la pression, OpenAI commence \u00e0 d\u00e9ployer son ChatGPT brid\u00e9 pour ados<\/a>&nbsp;(Huffingtonpost)<\/p>\n\n\n\n<p class=\"wp-block-paragraph\"><a href=\"https:\/\/blog.mondediplo.net\/chacun-son-apocalypse\">Chacun son apocalypse<\/a>&nbsp;(Contrebande)<\/p>\n\n\n\n<p class=\"wp-block-paragraph\"><a href=\"https:\/\/www.nonfiction.fr\/article-12813-entrer-dans-luvre-de-philippe-descola.htm\">Entrer dans l\u2019\u0153uvre de Philippe Descola<\/a>&nbsp;(Nonfiction)<\/p>\n\n\n\n<p class=\"wp-block-paragraph\"><a href=\"https:\/\/ladecroissance.xyz\/2026\/08\/17\/jai-relu-ecosocialisme-de-michael-lowy\/\">J\u2019ai relu : \u00c9cosocialisme, de Michael L\u00f6wy<\/a> (MCD)<\/p>\n\n\n\n<p class=\"wp-block-paragraph\"><a href=\"https:\/\/www.europe-revue.net\/wp-content\/uploads\/2026\/06\/Livret-Philosophie-sept-2026-R.pdf\">Qu\u2019avons-nous fait de la philosophie ?<\/a>&nbsp;(Revue Europe)<\/p>\n\n\n\n<p class=\"wp-block-paragraph\"><a href=\"https:\/\/www.blast-info.fr\/emissions\/2026\/debat-medef-l-abjecte-propagande-patronale-pour-2027-PsJ-ot6fSgWhKint0rzVmA\">D\u00e9bat Medef\u202f: L&rsquo;abjecte propagande patronale pour 2027<\/a> (Blast vid\u00e9o)<\/p>\n\n\n\n<p class=\"wp-block-paragraph\"><a href=\"https:\/\/www.arte.tv\/fr\/videos\/117174-001-A\/fuck-la-planete-1-3\/\">Fuck la plan\u00e8te (1\/3)<\/a> (Arte.TV)<\/p>\n\n\n\n<p class=\"wp-block-paragraph\"><a href=\"https:\/\/www.lemonde.fr\/idees\/article\/2026\/08\/29\/animaux-sauvages-nous-sommes-le-seul-pays-a-detruire-systematiquement-une-espece-en-prevention-des-degats-qu-elle-pourrait-occasionner_6759542_3232.html\">Animaux sauvages : \u00ab<em>Nous sommes le seul pays \u00e0 d\u00e9truire syst\u00e9matiquement une esp\u00e8ce en pr\u00e9vention des d\u00e9g\u00e2ts qu\u2019elle pourrait occasionner<\/em>\u00bb<\/a> (Le Monde)<\/p>\n\n\n\n<p class=\"wp-block-paragraph\"><a href=\"https:\/\/www.google.com\/url?sa=t&amp;source=web&amp;rct=j&amp;opi=89978449&amp;url=CAESjwIB6zswFTBXEFajKgcxvJywbi9Ca7jTFvsLDTANW6KTSzPcnmjAcNPPUFMvFYacNEZm1tWvD5eQItCgYAXqau50n-jG81afp3KBJkfjWKkR0LmaPWBKGnPjqgEb8rnvB9lSooHp6VJDePimy_keRWkgMQTvLQo4pK8MXTC-JiHu9tZ8jtIMrRRVStNdqGNbbyliIizt7SbCb2vZXXq-2Jy-ZvbuvPVubeSGWrse3chY1H8O95YyILwFRdSRZQmAzCNVCtT2GprM7P44MOXOhUDF6OLyImEBR7el8x0yb3ZLqhShAgO5z5sfWset06Gzdm0aIZ9RYvptGkPVkE5dzi99ShT-gp68CmPsxiy60JTR&amp;ved=2ahUKEwj08rD4sMWWAxW4RvEDHXe1DR0QxfQBKAB6BAgJEAE&amp;uoh=2&amp;usg=AOvVaw33U79zxNZCp8i8EUZfObwA\">Sophie Binet (CGT) : <em>\u00abUne partie du patronat est en train de faire la courte \u00e9chelle \u00e0 l\u2019extr\u00eame droite en la normalisant\u00bb<\/em><\/a> (Le Monde)<\/p>\n\n\n\n<p class=\"wp-block-paragraph\"><a href=\"https:\/\/r.mail.reporterre.net\/mk\/cl\/f\/sh\/1vWzb6aoStnU2SO8sn91AiDZfLoQSa\/r6BSh-n4HOo6\" target=\"_blank\" rel=\"noopener\">\u00ab<em>On ne va pas se laisser faire<\/em>\u00bb&nbsp;: la riposte contre le futur parc Dragon Ball commence<\/a>&nbsp;(Reporterre)<\/p>\n\n\n\n<p class=\"wp-block-paragraph\"><a href=\"https:\/\/blogs.mediapart.fr\/faire-facecom\/blog\/280826\/un-divorce-consomme-entre-marine-le-pen-et-jordan-bardella\">Un divorce consomm\u00e9 entre Marine Le Pen et Jordan Bardella ?<\/a> (Blog de faire-face.com)<a href=\"https:\/\/www.rfi.fr\/fr\/moyen-orient\/20260826-c-est-notre-terre-benyamin-netanyahu-promet-davantage-de-colonies-en-cisjordanie-occup%C3%A9e\"><\/a><a href=\"https:\/\/www.humanite.fr\/en-debat\/regard-de-cartographe\/quand-les-data-centers-envahissent-le-monde\"><\/a><\/p>\n\n\n\n<p class=\"wp-block-paragraph\"><a href=\"https:\/\/www.contretemps.eu\/mouvement-anti-cpe-en-2006-comment-et-pourquoi-a-t-il-eclate\/\">Mouvement anti-CPE en 2006&nbsp;: comment et pourquoi a-t-il \u00e9clat\u00e9&nbsp;?<\/a> (Contretemps)<\/p>\n\n\n\n<p class=\"wp-block-paragraph\"><a href=\"https:\/\/www.humanite.fr\/en-debat\/regard-de-cartographe\/quand-les-data-centers-envahissent-le-monde\">Carte. Quand les data centers envahissent le monde<\/a> (L\u2019Humanit\u00e9)<\/p>\n\n\n\n<p class=\"wp-block-paragraph\"><a href=\"https:\/\/portail.basta.media\/articles\/apres-un-ete-brulant-la-revolte-mondiale-contre-les-data-centers\">Apr\u00e8s un \u00e9t\u00e9 br\u00fblant, la r\u00e9volte mondiale contre les data centers<\/a> (Portail des m\u00e9dias ind\u00e9pendants)<\/p>\n\n\n\n<p class=\"wp-block-paragraph\"><a href=\"https:\/\/apublica.org\/2026\/08\/corrida-por-data-centers-gera-denuncias-de-violacoes-trabalhistas-em-sao-paulo\/\">Au <strong>Br\u00e9sil<\/strong>, \u00ab l\u2019enfer \u00bb des travailleurs qui construisent les centres de donn\u00e9es<\/a> (apublica.org en portugais)<\/p>\n\n\n\n<p class=\"wp-block-paragraph\"><a href=\"https:\/\/orientxxi.statslive.info\/c\/6145878797\/eyJpdiI6IkgxS3ZrVU44aHZDQm1Sam0ydlBQa1QyTkg2aWxJQnBNaTc1bTUzajh5Z2s9IiwibWFjIjoiMmQyYjI4MDJjZDMyNDQ2NGVhZDUyNDNmNzMyZmYzZTAzMmEwNjA0ZDdmYjc5Y2JhMDI5MGNiZmFhNzJjNWE3NSIsInZhbHVlIjoiQWNqUEJSNWl6UTJqU1wvZXQ0TGpcL3RUZG1HTzRHdjRQUkhLUytFUml5cjdNPSJ9\" target=\"_blank\" rel=\"noopener\">Comment l\u2019Occident finance et arme les colons <strong>isra\u00e9liens<\/strong><\/a> (Orient XXI)<\/p>\n\n\n\n<p class=\"wp-block-paragraph\"><a href=\"https:\/\/www.972mag.com\/armed-settler-hikes-west-bank\/\">Les cons\u00e9quences d\u2019une \u00abrandonn\u00e9e\u00bb de colons isra\u00e9liens en Cisjordanie<\/a> &nbsp;(+972 mag, en anglais)<\/p>\n\n\n\n<p class=\"wp-block-paragraph\"><a href=\"https:\/\/www.rfi.fr\/fr\/moyen-orient\/20260826-c-est-notre-terre-benyamin-netanyahu-promet-davantage-de-colonies-en-cisjordanie-occup%C3%A9e\">\u00ab<em>C&rsquo;est notre terre<\/em>\u00bb: Benyamin Netanyahu promet davantage de colonies en <strong>Cisjordanie<\/strong> occup\u00e9e<\/a> (RFI)<\/p>\n\n\n\n<p class=\"wp-block-paragraph\"><strong><strong><strong><mark style=\"background-color:rgba(0, 0, 0, 0);color:#ed1010\" class=\"has-inline-color\">L&rsquo;essentiel du 28 ao\u00fbt<\/mark><\/strong><\/strong><\/strong><\/p>\n\n\n\n<p class=\"wp-block-paragraph\"><a href=\"https:\/\/www.monde-diplomatique.fr\/2026\/09\/RZEPSKI\/69891\">Fut-il le pire ?<\/a> (Le Monde diplomatique)<\/p>\n\n\n\n<p class=\"wp-block-paragraph\"><a href=\"https:\/\/www.acrimed.org\/Canicule-secheresse-incendies-dans-les-medias-le\">Canicule, s\u00e9cheresse, incendies : dans les m\u00e9dias, le climat sans la politique<\/a> (Acrimed)<\/p>\n\n\n\n<p class=\"wp-block-paragraph\"><a href=\"https:\/\/reporterre.net\/El-Nino-le-Panama-decrete-un-etat-d-urgence-climatique-aussitot-conteste\">El Ni\u00f1o : le Panama d\u00e9cr\u00e8te un \u00e9tat d\u2019urgence climatique, aussit\u00f4t contest\u00e9<\/a> (Reporterre)<\/p>\n\n\n\n<p class=\"wp-block-paragraph\"><a href=\"https:\/\/www.nonfiction.fr\/article-12805-le-recul-de-letat-social-et-la-montee-des-egoismes.htm\">Le recul de l\u2019\u00c9tat social et la mont\u00e9e des \u00e9go\u00efsmes<\/a>&nbsp;(Nonfiction)<\/p>\n\n\n\n<p class=\"wp-block-paragraph\"><a href=\"https:\/\/www.contretemps.eu\/combiner-les-theories-feministes-de-la-reproduction-et-leconomie-les-modes-de-reproduction\/\">Th\u00e9ories f\u00e9ministes et modes de reproduction<\/a>&nbsp;(Contretemps)<\/p>\n\n\n\n<p class=\"wp-block-paragraph\"><a href=\"https:\/\/www.en-attendant-nadeau.fr\/2026\/08\/28\/exposition-ceija-stojka-garder-les-yeux-ouverts\/\">Dans le souvenir des massacr\u00e9s<\/a>&nbsp;(En attendant Nadeau)<\/p>\n\n\n\n<p class=\"wp-block-paragraph\"><a href=\"https:\/\/www.monde-diplomatique.fr\/carnet\/2026-08-27-Que-faire-de-la-dette\">Que faire de la dette ?<\/a> (La valise diplomatique)<\/p>\n\n\n\n<p class=\"wp-block-paragraph\"><a href=\"https:\/\/reporterre.net\/Comment-choisir-ses-pates-quand-80-sont-contaminees-au-cadmium\">Comment choisir ses p\u00e2tes quand 80 % sont contamin\u00e9es au cadmium ?<\/a> (Reporterre)<\/p>\n\n\n\n<p class=\"wp-block-paragraph\"><a href=\"https:\/\/www.undernews.fr\/reseau-securite\/cybersecurite-et-voitures-electriques-les-bornes-de-recharge-presentent-des-risques.html\">Cybers\u00e9curit\u00e9 et voitures \u00e9lectriques&nbsp;: les bornes de recharge pr\u00e9sentent des risques<\/a>&nbsp;(Undernews)<\/p>\n\n\n\n<p class=\"wp-block-paragraph\"><a href=\"https:\/\/intelligence-artificielle.developpez.com\/actu\/386543\/Un-PDG-licencie-des-developpeurs-pour-faire-place-a-l-IA-ces-derniers-creent-alors-un-PDG-IA-open-source-avec-Anthropic-Claude-Python-SQLite-et-Next-js-sous-licence-Apache-2-0\/\">Un PDG licencie des d\u00e9veloppeurs pour faire place \u00e0 l&rsquo;IA, ces derniers cr\u00e9ent alors un PDG IA open source<\/a> (Developpez.com)<\/p>\n\n\n\n<p class=\"wp-block-paragraph\"><a href=\"https:\/\/framatube.org\/w\/3CozP3N12CYPNnG15jWd3i\">Framaspace, (Next)cloud pour petites assos &amp; collectifs militants<\/a> (Framasoft)<\/p>\n\n\n\n<p class=\"wp-block-paragraph\"><a href=\"https:\/\/framablog.org\/2026\/08\/23\/intelligence-artificielle-generale-le-delire-complotiste-de-la-tech\/\">Intelligence artificielle g\u00e9n\u00e9rale : le d\u00e9lire complotiste de la tech<\/a> (DLA, Framasoft)<\/p>\n\n\n\n<p class=\"wp-block-paragraph\"><a href=\"https:\/\/www.huffingtonpost.fr\/international\/article\/une-cyberattaque-liee-a-l-iran-a-mis-une-centrale-electrique-britannique-a-l-arret_310301.html\"><strong>UK<\/strong>: Une cyberattaque li\u00e9e \u00e0 l\u2019Iran a mis une centrale \u00e9lectrique britannique \u00e0 l\u2019arr\u00eat<\/a>&nbsp;(HuffPost)<\/p>\n\n\n\n<p class=\"wp-block-paragraph\"><a href=\"https:\/\/www.letelegramme.fr\/morbihan\/lorient-56100\/une-offensive-ideologique-la-cgt-mines-energies-morbihan-alerte-sur-les-consequences-du-rapport-de-la-cour-des-comptes-sur-edf-et-appelle-a-la-greve-7105508.php\">\u00ab&nbsp;Une offensive id\u00e9ologique&nbsp;\u00bb&nbsp;: la CGT Mines \u00c9nergies Morbihan alerte sur les cons\u00e9quences du rapport de la Cour des comptes sur EDF et appelle \u00e0 la gr\u00e8ve<\/a>&nbsp;(Le T\u00e9l\u00e9gramme)<\/p>\n\n\n\n<p class=\"wp-block-paragraph\"><a href=\"https:\/\/sevenradio.fr\/2026\/08\/27\/le-havre-la-greve-des-policiers-municipaux-se-poursuit-jusquen-septembre\/\">Le Havre : la gr\u00e8ve des policiers municipaux se poursuit jusqu\u2019en septembre<\/a>&nbsp;(Seven)<\/p>\n\n\n\n<p class=\"wp-block-paragraph\"><a href=\"https:\/\/venezuelainfos.wordpress.com\/2026\/08\/28\/32-organisations-latino-americaines-solidaires-du-socialisme-bolivarien-au-venezuela-personne-ne-sest-rendu\/\">32 organisations latino-am\u00e9ricaines solidaires du socialisme bolivarien : \u00ab au <strong>Venezuela<\/strong>, personne ne s\u2019est rendu \u00bb<\/a> (VNZ info)<\/p>\n\n\n\n<p class=\"wp-block-paragraph\"><a href=\"https:\/\/jacobin.com\/2026\/08\/el-sayed-piker-centrists-democrats\"><strong>USA<\/strong>: Centrists Despise Hasan Piker More Than They Want to Win<\/a> (Jacobin)<\/p>\n\n\n\n<p class=\"wp-block-paragraph\"><a href=\"https:\/\/afriquexxi.info\/L-alerte-des-artistes-face-a-la-repression-de-l-homosexualite-au-Senegal\">L\u2019alerte des artistes face \u00e0 la r\u00e9pression de l\u2019homosexualit\u00e9 au <strong>S\u00e9n\u00e9gal<\/strong><\/a>&nbsp;(AfriqueXXI)<\/p>\n\n\n\n<p class=\"wp-block-paragraph\"><a href=\"https:\/\/positionspolitics.org\/what-is-a-left-position-on-taiwan\/\">What is a Left Position on <strong>Taiwan<\/strong>?<\/a> (Positions politics)<\/p>\n\n\n\n<p class=\"wp-block-paragraph\"><strong>Analyse et d\u00e9cryptage : notre s\u00e9lection<\/strong><\/p>\n\n\n\n<p class=\"wp-block-paragraph\"><em><u>\u00c9conomie<\/u>&nbsp;:<\/em> <a href=\"https:\/\/alencontre.org\/economie\/les-trois-corps-de-la-crise-selon-romaric-godin.html\">Les trois corps de la crise selon Romaric Godin<\/a> (A l\u2019Encontre)<\/p>\n\n\n\n<p class=\"wp-block-paragraph\"><a href=\"https:\/\/redir.mailing.alternatives-economiques.fr\/lnk\/AWUAAKWCdasAAAAWzpwAAD8WLEIAAAABXLcAA2znACPv_gBqkFzwgEQlkkl1S--3duXgPmSRIgAhqPw\/2\/6sKfo5DNCMJVvmkqAYQf-A\/aHR0cHM6Ly93d3cuYWx0ZXJuYXRpdmVzLWVjb25vbWlxdWVzLmZyL2xlLWxpYmVyYWxpc21lLW1vbmRpYWwtY2VkZS1kdS10ZXJyYWluXzI3LTA4LTIwMjY_dXRtX2NhbXBhaWduPXF1b3RfdG91cyZ1dG1fbWVkaXVtPWVtYWlsJnV0bV9zb3VyY2U9ZW1haWxpbmcmdXRtX2NvbnRlbnQ9MjYwODI3\" target=\"_blank\" rel=\"noopener\">Le lib\u00e9ralisme mondial c\u00e8de du terrain<\/a> (Alter Eco)<\/p>\n\n\n\n<p class=\"wp-block-paragraph\"><strong><strong><strong><mark style=\"background-color:rgba(0, 0, 0, 0);color:#ed1010\" class=\"has-inline-color\">L&rsquo;essentiel du 27 ao\u00fbt<\/mark><\/strong><\/strong><\/strong><\/p>\n\n\n\n<p class=\"wp-block-paragraph\"><a href=\"https:\/\/www.youtube.com\/watch?v=DpXpBdYEAZQ\">Jancovici&nbsp;: il faut se pr\u00e9parer !<\/a> (LIMIT, vid\u00e9o)<\/p>\n\n\n\n<p class=\"wp-block-paragraph\"><a href=\"https:\/\/tracking.connaissancedesenergies.org\/tracking\/click?d=s8Q9xcn61_XGn3uz2c7_vqahbHHLAL1eVCP9OI_fQPs5ib1gxejcL9zFNplhTPs64vFg0mzlVJPB5YHO8KSw6-XHxTiZUNpMfdkZoo1-km6V1jHn7qVKaXWOJW0jTmZYKVGMT9W-cP-rjL3LWVZg0LJUvCqVPsO7aEBpkChJ85LryzOa5iEQqQipxyJG-IiQo0uufMFmZSO8X_GNU_5JOGpZ7GPDMutwGSHmT7VqJk9UPo2oTeg2VK8xvUQJ13OseqpbC_N03bUaPTJmgCPepQVXwss2usRtntt2iK9pVhih0\" target=\"_blank\" rel=\"noopener\">La fin du gaz bon march\u00e9 : pourquoi votre facture pourrait doubler d&rsquo;ici 10 ans<\/a> (Connaissance des \u00e9nergies)&nbsp; <a href=\"https:\/\/www.connaissancedesenergies.org\/afp\/gaz-totalenergies-cede-sa-part-de-10-dans-le-projet-russe-dartic-lng-2-260827\"><\/a><\/p>\n\n\n\n<p class=\"wp-block-paragraph\"><a href=\"https:\/\/www.connaissancedesenergies.org\/afp\/gaz-totalenergies-cede-sa-part-de-10-dans-le-projet-russe-dartic-lng-2-260827\">TotalEnergies sort du projet russe Arctic LNG 2 sous sanctions am\u00e9ricaines<\/a> (AFP)<\/p>\n\n\n\n<p class=\"wp-block-paragraph\"><a href=\"https:\/\/france3-regions.franceinfo.fr\/occitanie\/haute-garonne\/toulouse\/airbus-embauches-gelees-projets-retires-la-direction-en-espagne-durcit-le-ton-et-menace-les-salaries-pour-faire-cesser-la-greve-illimitee-3406613.html\">Airbus <strong>Espagne<\/strong> : embauches gel\u00e9es, projets retir\u00e9s\u2026 la direction en Espagne durcit le ton et menace les salari\u00e9s pour faire cesser la gr\u00e8ve illimit\u00e9e<\/a> (France Info)<\/p>\n\n\n\n<p class=\"wp-block-paragraph\"><a href=\"https:\/\/www.humanite.fr\/social-et-economie\/plan-social\/sodexo-annonce-supprimer-plus-de-1-000-emplois-en-france\">Sodexo annonce supprimer plus de 1&nbsp;000 emplois en France<\/a> (l\u2019Humanit\u00e9)<\/p>\n\n\n\n<p class=\"wp-block-paragraph\"><a href=\"https:\/\/adherez.attac.org\/civicrm\/mailing\/url?u=36123&amp;qid=38871687\" target=\"_blank\" rel=\"noopener\">Le partage des richesses, toute une histoire<\/a> (Livre d\u2019Attac avec BD)<\/p>\n\n\n\n<p class=\"wp-block-paragraph\"><a href=\"https:\/\/link.newsletter.franceculture.fr\/m\/ml\/7429\/1047090\/t_mz99AMCojR4rBhkqFULVYF7cprmx-6ylJDjVNXkZc=\/l6znip2KYgZiTKYHnCanw8hbOASD4RjgQ3qGmggkK7c=\/\">Janis Joplin, choisir sa route<\/a> (France Culture)<\/p>\n\n\n\n<p class=\"wp-block-paragraph\"><a href=\"https:\/\/d4xlh.r.sp1-brevo.net\/mk\/cl\/f\/sh\/SMK1E8tHeGEmAq8m4wMjmHgCO0HP\/pIx0Fl8A-YM7\">\u00c9pisode 2 :&nbsp;<\/a><a href=\"https:\/\/d4xlh.r.sp1-brevo.net\/mk\/cl\/f\/sh\/SMK1E8tHeGLdcyxjG6WDs6ywMIrf\/uysP2mapOhNL\">Sartre, Camus et la guerre d\u2019Alg\u00e9rie<\/a> (Les Temps Qui Restent)<\/p>\n\n\n\n<p class=\"wp-block-paragraph\"><strong><strong><strong><mark style=\"background-color:rgba(0, 0, 0, 0);color:#ed1010\" class=\"has-inline-color\">L&rsquo;essentiel du 26 ao\u00fbt<\/mark><\/strong><\/strong><\/strong><\/p>\n\n\n\n<p class=\"wp-block-paragraph\"><a href=\"https:\/\/contre-attaque.net\/2026\/08\/25\/sondocratie-quand-linstitut-ipsos-efface-toute-la-gauche\/\">Sondocratie : quand l\u2019institut IPSOS efface toute la gauche<\/a> (Contre Attaque)<\/p>\n\n\n\n<p class=\"wp-block-paragraph\"><a href=\"https:\/\/basta.media\/4000-pompiers-en-moins-en-France-8000-en-Allemagne-face-toujours-plus-de-feux\">4000 pompiers en moins en France, 8000 en Allemagne, face \u00e0 toujours plus de feux<\/a>&nbsp;(Basta!)<\/p>\n\n\n\n<p class=\"wp-block-paragraph\"><a href=\"https:\/\/www.contretemps.eu\/le-genre-de-la-dette\/\" target=\"_blank\" rel=\"noopener\">Le genre de la dette&nbsp;: comment l\u2019endettement \u00e9puise et discipline les femmes<\/a> (Contretemps)<\/p>\n\n\n\n<p class=\"wp-block-paragraph\"><a href=\"https:\/\/medfeminiswiya.net\/2026\/08\/24\/fatma-boufenik-leconomiste-algerienne-qui-na-jamais-quitte-la-rue\/\" target=\"_blank\" rel=\"noopener\">Fatma Boufenik, l\u2019\u00e9conomiste alg\u00e9rienne qui n\u2019a jamais quitt\u00e9 la rue<\/a> (Medfeminiswiya)<\/p>\n\n\n\n<p class=\"wp-block-paragraph\"><a href=\"https:\/\/newsletter.liberation.fr\/m\/ml\/200138\/560477\/CeO6Td2iByWoVpxZThjqNO5n4-sAz8l0bIPg2HYK2Xo=\/KF0lJ-P8IW+B8mIeBRwdvV-CrTRS6C7coATf+WL2s+w=\/gwVOTF9PcGluaW9uc18yMDI2LTA4LTI2\" target=\"_blank\" rel=\"noopener\">Trois parcs d\u2019attractions pour l\u2019Ile-de-France : un anachronisme environnemental<\/a> (Lib\u00e9ration)<\/p>\n\n\n\n<p class=\"wp-block-paragraph\"><a href=\"https:\/\/www.revolutionpermanente.fr\/Tunisie-la-revolte-eclate-apres-la-mort-de-douze-jeunes-en-Mediterranee\"><strong>Tunisie<\/strong>&nbsp;: la r\u00e9volte \u00e9clate apr\u00e8s la mort de douze jeunes en M\u00e9diterran\u00e9e<\/a> (RP)<\/p>\n\n\n\n<p class=\"wp-block-paragraph\"><a href=\"https:\/\/www.stophomophobie.com\/serophobie-en-greve-de-la-faim-a-reims-christophe-paco-et-supersero-seront-recus-par-aurore-berge\/\">S\u00e9rophobie : en gr\u00e8ve de la faim \u00e0 Reims, Christophe Paco et Supersero seront re\u00e7us par Aurore Berg\u00e9<\/a> (Stop Homophobie)<\/p>\n\n\n\n<p class=\"wp-block-paragraph\"><a href=\"https:\/\/frustrationmagazine.fr\/histoire\">Comment l\u2019histoire est r\u00e9\u00e9crite par les dominants<\/a> (Frustration)<\/p>\n\n\n\n<p class=\"wp-block-paragraph\"><a href=\"https:\/\/www.blast-info.fr\/articles\/2026\/survol-d-helicopetre-et-controles-systematiques-reportage-aux-bure-lesques-le-festival-le-plus-surveille-de-france-LeU2uTIgSSOLSjoiJ_ikjQ\">Survol d&rsquo;h\u00e9licop\u00e8tre et contr\u00f4les syst\u00e9matiques\u202f: reportage aux Bure&rsquo;lesques, le festival le plus surveill\u00e9 de France<\/a> (blast)<\/p>\n\n\n\n<p class=\"wp-block-paragraph\"><a href=\"https:\/\/www.youtube.com\/watch?v=JRcAegChriY\">L\u2019histoire de l\u2019IA rebelle vient de prendre une tournure bien plus grave (OpenAI panique)&nbsp;<\/a>&nbsp;(AI Revolution)<\/p>\n\n\n\n<p class=\"wp-block-paragraph\"><a href=\"https:\/\/www.wheresyoured.at\/what-happens-if-openai-dies\/\">What happens if Openai dies?<\/a>&nbsp;(Ed Zitron)<\/p>\n\n\n\n<p class=\"wp-block-paragraph\"><a href=\"https:\/\/link.newsletter.franceculture.fr\/m\/ml\/7429\/1047090\/wonKR3f3BpTlvoR8P1-pDl04yRhziD1qRfMKcDfShZs=\/GzAJ2dVqKpeLMsyvZYp-6iA89Vc8cPf2g8ZXCXHe4Lg=\/\" target=\"_blank\" rel=\"noopener\">L&rsquo;Internationale conservatrice&nbsp;: comment ces r\u00e9seaux s&rsquo;organisent-ils&nbsp;?<\/a> (France Culture)<\/p>\n\n\n\n<p class=\"wp-block-paragraph\"><a href=\"https:\/\/agencemediapalestine.fr\/blog\/2026\/08\/25\/selon-les-experts-un-tsunami-demigration-redessine-lavenir-disrael\/\">Selon les experts, un \u00ab tsunami \u00bb d\u2019\u00e9migration redessine l\u2019avenir d\u2019<\/a><strong><a href=\"https:\/\/agencemediapalestine.fr\/blog\/2026\/08\/25\/selon-les-experts-un-tsunami-demigration-redessine-lavenir-disrael\/\">Isra\u00ebl<\/a> <\/strong>(Al Jazeera)<\/p>\n\n\n\n<p class=\"wp-block-paragraph\"><a href=\"https:\/\/r.mail.reporterre.net\/mk\/cl\/f\/sh\/7nVU1aA2ng5gPepZwZ9BK5DgkR3ktlM\/spNfkNHEgBP9\" target=\"_blank\" rel=\"noopener\">La guerre par les flammes&nbsp;: <strong>Isra\u00ebl<\/strong> br\u00fble for\u00eats et vergers au <strong>Sud-Liban<\/strong><\/a>&nbsp;(Reporterre)<\/p>\n\n\n\n<p class=\"wp-block-paragraph\"><a href=\"https:\/\/lundi.am\/Ukraine-quatre-annees-de-luttes-pour-Solidarity-Collectives\" target=\"_blank\" rel=\"noopener\"><strong>Ukraine<\/strong>&nbsp;: quatre ann\u00e9es de luttes pour Solidarity Collectives<\/a> (Lundimatin vid\u00e9o)<\/p>\n\n\n\n<p class=\"wp-block-paragraph\"><strong><strong><strong><mark style=\"background-color:rgba(0, 0, 0, 0);color:#ed1010\" class=\"has-inline-color\">L&rsquo;essentiel du 25 ao\u00fbt<\/mark><\/strong><\/strong><\/strong><\/p>\n\n\n\n<p class=\"wp-block-paragraph\"><a href=\"https:\/\/francais.medscape.com\/s\/viewarticle\/1-femme-4-souffre-spm-quelles-recommandations-2026a1000mvb?ecd=wnl_t5fy_ous_fr_etid8630074_260825_2&amp;uac=389075MY&amp;impID=8630074\">1 femme sur 4 souffre de SPM : quelles recommandations ?<\/a> (Medscape)<\/p>\n\n\n\n<p class=\"wp-block-paragraph\"><a href=\"https:\/\/www.monde-diplomatique.fr\/2026\/08\/GAILLARD\/69815\">Les assureurs fuient le risque climatique<\/a> (Le Monde diplomatique)<\/p>\n\n\n\n<p class=\"wp-block-paragraph\"><a href=\"https:\/\/lvsl.fr\/raphael-glucksmann-dou-vient-le-heraut-de-la-bourgeoisie-progressiste\/\">Rapha\u00ebl Glucksmann : d\u2019o\u00f9 vient le h\u00e9raut de la bourgeoisie progressiste ?<\/a> (LVSL)<\/p>\n\n\n\n<p class=\"wp-block-paragraph\"><a href=\"https:\/\/infos.lemonde.fr\/optiext\/optiextension.dll?ID=6esCteS47j_toBt55SH6UtEql7CUvFiudwsYaQ8Ox_yRa28MnLmskWLCgQ36TXDGTzlcRXhoUcbt4XYhEc2VK-2YPDfCCW5BNcz4e-NW\" target=\"_blank\" rel=\"noopener\">Matthieu Pigasse assure qu\u2019il y a \u00ab<em>pas mal de convergences<\/em>\u00bb entre lui et les insoumis pendant les universit\u00e9s d\u2019\u00e9t\u00e9 de LFI<\/a> (Le Monde en acc\u00e8s libre)<\/p>\n\n\n\n<p class=\"wp-block-paragraph\"><a href=\"https:\/\/venezuelainfos.wordpress.com\/2026\/07\/29\/qui-a-dit-que-le-chavisme-etait-mort-brasil-de-fato\/\">Qui a dit que le chavisme \u00e9tait mort ?<\/a> (VNZ)<\/p>\n\n\n\n<p class=\"wp-block-paragraph\"><a href=\"https:\/\/link.newsletter.franceculture.fr\/m\/ml\/7429\/1046903\/HCGoo_oZS5mOPlNoVqYZl48MhmjgIZJJ0Kl_KAll0Y4=\/QS7Xsd41uis9AvIW8IXYWPRfVTZ2A5KJL-LwV7XwfTM=\/\" target=\"_blank\" rel=\"noopener\">Sur les routes de Palestine avec l\u2019\u00e9crivain Karim Kattan<\/a> (France Culture) &nbsp;<\/p>\n\n\n\n<p class=\"wp-block-paragraph\"><a href=\"https:\/\/www.boursorama.com\/actualite-economique\/actualites\/les-etats-unis-visent-l-asphyxie-economique-de-l-iran-et-menacent-les-allies-de-teheran-df8c11cb6ede4aaf87fb7aeb4448dce8\">Les Etats-Unis visent \u00ab\u00a0l&rsquo;asphyxie \u00e9conomique\u00a0\u00bb de l&rsquo;Iran et menacent les alli\u00e9s de T\u00e9h\u00e9ran<\/a> (AFP)<\/p>\n\n\n\n<p class=\"wp-block-paragraph\"><a href=\"https:\/\/www.nonfiction.fr\/article-12827-saint-nazaire-au-travail-artisans-de-la-mer.htm\">Saint-Nazaire au travail<\/a>&nbsp;(Nonfiction)<\/p>\n\n\n\n<p class=\"wp-block-paragraph\"><a href=\"https:\/\/ladecroissance.xyz\/2026\/07\/27\/retour-de-pollen-2026\/\">Retour de la conf\u00e9rence Pollen : plut\u00f4t Prof qu\u2019Atchoum !<\/a> (MCD)<\/p>\n\n\n\n<p class=\"wp-block-paragraph\"><a href=\"https:\/\/www.contretemps.eu\/cinquante-ans-massacres-tel-al-zatar\/\">Cinquante ans apr\u00e8s les massacres de Tel al-Za\u2018tar<\/a>&nbsp;(Contretemps)<\/p>\n\n\n\n<p class=\"wp-block-paragraph\"><a href=\"https:\/\/www.blast-info.fr\/articles\/2026\/lexperience-5-le-ketchup-de-gabriel-IgznAgmGRwWMJj2StweNSg\">L\u2019Exp\u00e9rience (5)\u202f: le ketchup de Gabriel<\/a>&nbsp;(Blast)<\/p>\n\n\n\n<p class=\"wp-block-paragraph\"><a href=\"https:\/\/legrandcontinent.eu\/fr\/2026\/08\/24\/la-derive-des-comptes-publics-americains-se-poursuit\/\">La d\u00e9rive des comptes publics am\u00e9ricains se poursuit<\/a> (Le Grand Continent)<a href=\"https:\/\/fr.euronews.com\/business\/2026\/08\/22\/cinq-graphiques-expliquent-la-dette-de-40-000-milliards-de-dollars-des-etats-unis\"><\/a><\/p>\n\n\n\n<p class=\"wp-block-paragraph\"><a href=\"https:\/\/www.axios.com\/2026\/08\/17\/openai-nvidia-ohio-data-center-sb-energy\">OpenAI announces massive data center in Ohio with Nvidia guarantee<\/a> (Axios)<\/p>\n\n\n\n<p class=\"wp-block-paragraph\"><a href=\"https:\/\/edri.org\/our-work\/the-digital-omnibus-is-going-on-summer-break-your-rights-are-not\/\">The Digital Omnibus is going on summer break. Your rights are not<\/a> (EDRI)<\/p>\n\n\n\n<p class=\"wp-block-paragraph\"><a href=\"https:\/\/www.youtube.com\/watch?v=a5Jnffkd5Og\"><strong>Bolivie<\/strong>: L&rsquo;ultra-droite latina au coeur d&rsquo;un scandale d&rsquo;\u00c9tat<\/a> (les 2 rives)<\/p>\n\n\n\n<p class=\"wp-block-paragraph\"><a href=\"https:\/\/venezuelainfos.wordpress.com\/2026\/07\/29\/qui-a-dit-que-le-chavisme-etait-mort-brasil-de-fato\/\"><strong>Venezuela<\/strong> : Qui a dit que le chavisme \u00e9tait mort ?<\/a> (VNZ)<\/p>\n\n\n\n<p class=\"wp-block-paragraph\"><strong>Analyse et d\u00e9cryptage : notre s\u00e9lection<\/strong><\/p>\n\n\n\n<p class=\"wp-block-paragraph\"><a href=\"https:\/\/tracking.connaissancedesenergies.org\/tracking\/click?d=bUcfUSRcpw35IH1kfku8yCh-DW5LtxU2nQwED4kBo6dpzGAMnsL05PSaeYN0xyPHvyMQFo-yGoR33XPPmyKjtR1EHEB5iOVK3R0sVSckhC0tZz9sufgrqDl-ydPFV2KlMPH2vmR5r64OyHwuYyZwCdmXf0lKj71Yk50BvdZx0NZNfAD-wEVapVvhywlSfrZsaDiKJCZBePKgdP1UwjMy0H7DK9R1ibDB8tnhxXvxZyFMrQboAR9CSo8VEFlI6USb8g2\" target=\"_blank\" rel=\"noopener\">Canicule : le r\u00e9seau \u00e9lectrique europ\u00e9en peut remercier le solaire<\/a> (Connaissance des \u00e9nergies)<\/p>\n\n\n\n<p class=\"wp-block-paragraph\"><strong><strong><strong><mark style=\"background-color:rgba(0, 0, 0, 0);color:#ed1010\" class=\"has-inline-color\">L&rsquo;essentiel du 24 ao\u00fbt<\/mark><\/strong><\/strong><\/strong><\/p>\n\n\n\n<p class=\"wp-block-paragraph\"><a href=\"https:\/\/76835.r.sp1-brevo.net\/mk\/cl\/f\/sh\/1t6Af4OiGsEagAv2XXyyCnUomOnK1k\/zf0-C_praV61\" target=\"_blank\" rel=\"noreferrer noopener\">Canicule : la chaleur tue d\u00e9sormais plus que la route \u2013 et d&rsquo;abord les plus pauvres<\/a> (Elucid)<a href=\"https:\/\/fr.euronews.com\/my-europe\/2026\/08\/24\/presidentielle-2027-jean-luc-melenchon-peut-de-nouveau-croire-au-second-tour-selon-un-sond\"><\/a><\/p>\n\n\n\n<p class=\"wp-block-paragraph\"><a href=\"https:\/\/fr.euronews.com\/my-europe\/2026\/08\/24\/presidentielle-2027-jean-luc-melenchon-peut-de-nouveau-croire-au-second-tour-selon-un-sond\">Pr\u00e9sidentielle 2027 : Jean-Luc M\u00e9lenchon peut de nouveau croire au second tour selon un sondage<\/a> (Euronews)<\/p>\n\n\n\n<p class=\"wp-block-paragraph\"><a href=\"https:\/\/www.mediapart.fr\/journal\/politique\/220826\/aux-universites-d-ete-insoumise-et-ecologiste-le-vent-du-rapprochement\">Aux universit\u00e9s d\u2019\u00e9t\u00e9 insoumise et \u00e9cologiste, le vent du rapprochement<\/a> (M\u00e9diapart)<a href=\"https:\/\/www.humanite.fr\/social-et-economie\/carcassonne\/apres-cinq-mois-aux-manettes-comment-les-maires-rn-sattaquent-aux-syndicats\"><\/a><\/p>\n\n\n\n<p class=\"wp-block-paragraph\"><a href=\"https:\/\/www.humanite.fr\/social-et-economie\/carcassonne\/apres-cinq-mois-aux-manettes-comment-les-maires-rn-sattaquent-aux-syndicats\">Apr\u00e8s cinq mois aux manettes, comment les maires RN s\u2019attaquent aux syndicats<\/a> (L\u2019Humanit\u00e9)<a href=\"https:\/\/www.huffingtonpost.fr\/politique\/article\/pour-l-election-presidentielle-de-2027-eric-ciotti-part-avec-marine-le-pen-avant-meme-le-premier-tour_310169.html\"><\/a><\/p>\n\n\n\n<p class=\"wp-block-paragraph\"><a href=\"https:\/\/www.mediapart.fr\/journal\/politique\/210826\/le-resistible-retour-de-l-extreme-droite-par-nonna-mayer\">Le r\u00e9sistible retour de l\u2019extr\u00eame droite<\/a> (Vid\u00e9o M\u00e9diapart, par Edwy Plenel)<a href=\"https:\/\/www.huffingtonpost.fr\/politique\/article\/pour-l-election-presidentielle-de-2027-eric-ciotti-part-avec-marine-le-pen-avant-meme-le-premier-tour_310169.html\"><\/a><\/p>\n\n\n\n<p class=\"wp-block-paragraph\"><a href=\"https:\/\/www.huffingtonpost.fr\/politique\/article\/pour-l-election-presidentielle-de-2027-eric-ciotti-part-avec-marine-le-pen-avant-meme-le-premier-tour_310169.html\">Pour 2027, \u00c9ric Ciotti part avec Marine Le&nbsp;Pen avant m\u00eame le premier tour<\/a>&nbsp;(HuffPost)<\/p>\n\n\n\n<p class=\"wp-block-paragraph\"><a href=\"https:\/\/contre-attaque.net\/2026\/08\/22\/nouveau-porte-avions-nucleaire-le-prix-a-deja-augmente-de-150-en-quelques-annees\/\">Nouveau porte-avions nucl\u00e9aire : le prix a d\u00e9j\u00e0 augment\u00e9 de 150% en quelques ann\u00e9es<\/a> (Contre Attaque)<\/p>\n\n\n\n<p class=\"wp-block-paragraph\"><a href=\"https:\/\/inkyfada.com\/fr\/2026\/08\/21\/les-mineurs-isoles-etrangers-a-marseille\/\" target=\"_blank\" rel=\"noreferrer noopener\">Les mineurs isol\u00e9s \u00e9trangers \u00e0 Marseille, un accompagnement \u00ab<em>low cost<\/em>\u00bb<\/a> &nbsp;(Inkyfada)<\/p>\n\n\n\n<p class=\"wp-block-paragraph\"><a href=\"https:\/\/www.fabula.org\/actualites\/135153\/cultiver-la-curiosite-21-08.html\">La curiosit\u00e9 ou l\u2019effondrement<\/a>&nbsp;(Fabula)<\/p>\n\n\n\n<p class=\"wp-block-paragraph\"><a href=\"https:\/\/www.en-attendant-nadeau.fr\/2026\/08\/18\/frontieres-fluctuantes-phoebe-hadjmimarkos-clarke\/\">Fronti\u00e8res fluctuantes<\/a>&nbsp;(En attendant Nadeau)<\/p>\n\n\n\n<p class=\"wp-block-paragraph\"><a href=\"https:\/\/www.monde-diplomatique.fr\/2026\/08\/CELA\/69814\">G\u00e9opolitique des h\u00f4tels de luxe<\/a> (Le Monde diplomatique)<\/p>\n\n\n\n<p class=\"wp-block-paragraph\"><a href=\"https:\/\/lvsl.fr\/embargo-a-cuba-apres-le-petrole-lasphyxie-alimentaire\/\">Embargo \u00e0 <strong>Cuba<\/strong> : apr\u00e8s le p\u00e9trole, l\u2019asphyxie alimentaire ?<\/a> (LVSL)<\/p>\n\n\n\n<p class=\"wp-block-paragraph\"><strong><strong><strong><mark style=\"background-color:rgba(0, 0, 0, 0);color:#ed1010\" class=\"has-inline-color\">L&rsquo;essentiel du 22 ao\u00fbt<\/mark><\/strong><\/strong><\/strong><a href=\"https:\/\/www.connaissancedesenergies.org\/afp\/six-pays-de-lue-reclament-une-taxe-exceptionnelle-sur-les-entreprises-du-secteur-energetique-260822\"><\/a><\/p>\n\n\n\n<p class=\"wp-block-paragraph\"><a href=\"https:\/\/reporterre.net\/Ecologistes-tirailles-insoumis-remontes-a-bloc-les-militants-face-aux-strategies-de-leur\">Les insoumis remont\u00e9s \u00e0 bloc, les \u00e9cologistes tiraill\u00e9s&nbsp;: les militants face aux strat\u00e9gies de leur parti pour 2027<\/a> (Reporterre)<\/p>\n\n\n\n<p class=\"wp-block-paragraph\"><a href=\"https:\/\/infos.lemonde.fr\/optiext\/optiextension.dll?ID=AUtwMXv1V7C8ABA7ciGu7LyJtleAe9JLO3hq8qjVl15oqUUKIbHOnAuLB5Ls98fKYay5joYdpSyOMFsDM9HqnMZ7DvwtqKA8tnsS0-YZ\" target=\"_blank\" rel=\"noreferrer noopener\">Malgr\u00e9 un \u00e9t\u00e9 marqu\u00e9 par les canicules, les incendies et la s\u00e9cheresse, les responsables politiques incapables de r\u00e9pondre \u00e0 l\u2019urgence climatique<\/a> (Le Monde)<\/p>\n\n\n\n<p class=\"wp-block-paragraph\"><a href=\"https:\/\/www.connaissancedesenergies.org\/afp\/six-pays-de-lue-reclament-une-taxe-exceptionnelle-sur-les-entreprises-du-secteur-energetique-260822\">Six pays europ\u00e9ens veulent taxer les surprofits p\u00e9troliers \u00e0 l&rsquo;\u00e9chelle de l&rsquo;UE<\/a> (AFP)<\/p>\n\n\n\n<p class=\"wp-block-paragraph\"><a href=\"https:\/\/www.radiofrance.fr\/franceinter\/podcasts\/sous-le-soleil-de-platon\/sous-le-soleil-de-platon-du-jeudi-20-aout-2026-6766476\">Titiou Lecoq&nbsp;: Pourquoi l&rsquo;Histoire a-t-elle si souvent effac\u00e9 les femmes<\/a> (France Inter, Sous le soleil de Platon)<\/p>\n\n\n\n<p class=\"wp-block-paragraph\"><a href=\"https:\/\/7rtdr.r.sp1-brevo.net\/mk\/cl\/f\/sh\/SMK1E8tHeGSV58T6iZM9vq6lg0mq\/fyQPS9PDXlbf\" target=\"_blank\" rel=\"noreferrer noopener\">Journalistes fran\u00e7ais&nbsp;: les mauvaises mani\u00e8res du Togo<\/a> (Off Investigation)<\/p>\n\n\n\n<p class=\"wp-block-paragraph\"><a href=\"https:\/\/france3-regions.franceinfo.fr\/occitanie\/haute-garonne\/toulouse\/airbus-repousse-la-reduction-du-teletravail-sous-la-pression-des-greves-espagnoles-les-syndicats-a-toulouse-restent-sur-leurs-gardes-3404644.html\">Airbus repousse la r\u00e9duction du t\u00e9l\u00e9travail sous la pression des gr\u00e8ves <strong>espagnoles<\/strong>, les syndicats \u00e0 Toulouse restent sur leurs gardes<\/a> (franceinfo)<\/p>\n\n\n\n<p class=\"wp-block-paragraph\"><a href=\"https:\/\/www.air-journal.fr\/2026-08-22-preavis-de-greve-chez-french-bee-les-pnc-denoncent-des-plannings-instables-et-une-fatigue-croissante-5277044.html\">Pr\u00e9avis de gr\u00e8ve chez French Bee : les PNC d\u00e9noncent des plannings instables et une fatigue croissante <\/a>( Air Journal)<\/p>\n\n\n\n<p class=\"wp-block-paragraph\"><a href=\"https:\/\/paris-luttes.info\/23-aout-1996-23-aout-2026-30-ans-21075\">23&nbsp;ao\u00fbt 1996 \u2013 23&nbsp;ao\u00fbt 2026&nbsp;: 30 ans de luttes des Sans-Papiers&nbsp;!<\/a> (Paris-Luttes info)<a href=\"https:\/\/www.rfi.fr\/fr\/moyen-orient\/20260820-paris-berlin-londres-et-rome-appellent-%C3%A0-mettre-fin-%C3%A0-l-expansion-des-colonies-en-cisjordanie\"><\/a><\/p>\n\n\n\n<p class=\"wp-block-paragraph\"><a href=\"https:\/\/www.rfi.fr\/fr\/moyen-orient\/20260820-paris-berlin-londres-et-rome-appellent-%C3%A0-mettre-fin-%C3%A0-l-expansion-des-colonies-en-cisjordanie\">Paris, Berlin, Londres, et Rome appellent \u00e0 \u00ab<em>mettre fin \u00e0 l&rsquo;expansion des colonies en Cisjordanie<\/em>\u00bb<\/a> (RFI)<\/p>\n\n\n\n<p class=\"wp-block-paragraph\"><strong><strong><strong><mark style=\"background-color:rgba(0, 0, 0, 0);color:#ed1010\" class=\"has-inline-color\">L&rsquo;essentiel du 21 ao\u00fbt<\/mark><\/strong><\/strong><\/strong><\/p>\n\n\n\n<p class=\"wp-block-paragraph\"><a href=\"https:\/\/www.inegalites.fr\/evolution_pauvrete_annuelle\">Comment \u00e9volue la pauvret\u00e9 en France&nbsp;?<\/a> (Observatoire des in\u00e9galit\u00e9s)<\/p>\n\n\n\n<p class=\"wp-block-paragraph\"><a href=\"https:\/\/rebellyon.info\/Brochure-Sur-l-enfermement-psychiatrique-40229\">[Brochure] Sur l\u2019enfermement psychiatrique en France<\/a> (Rebellyon)<\/p>\n\n\n\n<p class=\"wp-block-paragraph\"><a href=\"https:\/\/reporterre.net\/Paysans-contre-la-facturation-electronique-Pendant-les-foins-faire-du-reporting-le-soir-c\">\u00ab&nbsp;<em>Pendant les foins, c\u2019est intenable&nbsp;<\/em>\u00bb&nbsp;: les agriculteurs en col\u00e8re contre le passage au tout-num\u00e9rique<\/a> (Reporterre)<\/p>\n\n\n\n<p class=\"wp-block-paragraph\"><a href=\"https:\/\/theconversation.com\/loi-sur-linterdiction-des-reseaux-sociaux-aux-moins-de-15-ans-ou-mene-la-censure-du-conseil-constitutionnel-290011\">Loi sur l\u2019interdiction des r\u00e9seaux sociaux aux moins de 15&nbsp;ans&nbsp;:&nbsp;o\u00f9 m\u00e8ne la censure du Conseil constitutionnel&nbsp;?<\/a> (The conversation)<\/p>\n\n\n\n<p class=\"wp-block-paragraph\"><a href=\"https:\/\/www.zonebourse.com\/actualite-bourse\/le-syndicat-de-hyundai-lance-sa-premiere-greve-generale-en-10-ans-apres-l-echec-des-negociations-sal-ce7858dad98cf323\"><strong>Cor\u00e9e<\/strong> : le syndicat de Hyundai lance sa premi\u00e8re gr\u00e8ve g\u00e9n\u00e9rale en 10 ans apr\u00e8s l&rsquo;\u00e9chec des n\u00e9gociations salariales<\/a> (Zonebourse)<\/p>\n\n\n\n<p class=\"wp-block-paragraph\"><a href=\"https:\/\/basta.media\/57-jours-de-greve-au-samu-social-de-paris-ce-qu-ont-gagne-les-salaries\">57 jours de gr\u00e8ve au Samu social de Paris&nbsp;: ce qu\u2019ont gagn\u00e9 les salari\u00e9s<\/a> (Basta!)<\/p>\n\n\n\n<p class=\"wp-block-paragraph\"><strong><strong><strong><mark style=\"background-color:rgba(0, 0, 0, 0);color:#ed1010\" class=\"has-inline-color\">L&rsquo;essentiel du 20 ao\u00fbt<\/mark><\/strong><\/strong><a href=\"https:\/\/www.humanite.fr\/social-et-economie\/aide-au-logement\/budget-2027-tout-comprendre-au-nouveau-tour-de-vis-budgetaire-toujours-plus-inegalitaire\"><\/a><\/strong><\/p>\n\n\n\n<p class=\"wp-block-paragraph\"><a href=\"https:\/\/www.politis.fr\/articles\/2026\/08\/il-ny-a-plus-une-seconde-a-perdre-pour-une-union-large-de-la-gauche\/\">Il n\u2019y a plus une seconde \u00e0 perdre pour une union large de la gauche<\/a> (Politis, Tribune)<\/p>\n\n\n\n<p class=\"wp-block-paragraph\"><a href=\"https:\/\/aplutsoc.org\/2026\/08\/19\/la-portee-politique-de-la-manifestation-nationale-des-pompiers-annoncee-pour-le-29-septembre-editorial-du-19-aout-2026\/\">La port\u00e9e politique de la manifestation nationale des pompiers annonc\u00e9e pour le 29 septembre<\/a> (Aplutsoc)<\/p>\n\n\n\n<p class=\"wp-block-paragraph\"><a href=\"https:\/\/contre-attaque.net\/2026\/08\/20\/dans-le-pas-de-calais-la-gendarmerie-provoque-un-incendie-en-traquant-des-refugies\/\">Dans le Pas-de-Calais, la gendarmerie provoque un incendie en traquant des r\u00e9fugi\u00e9s<\/a> (Contre Attaque)<\/p>\n\n\n\n<p class=\"wp-block-paragraph\"><a href=\"https:\/\/www.humanite.fr\/social-et-economie\/aide-au-logement\/budget-2027-tout-comprendre-au-nouveau-tour-de-vis-budgetaire-toujours-plus-inegalitaire\">Budget 2027&nbsp;: tout comprendre au nouveau tour de vis budg\u00e9taire toujours plus in\u00e9galitaire<\/a> (L\u2019Humanit\u00e9)<\/p>\n\n\n\n<p class=\"wp-block-paragraph\"><a href=\"https:\/\/redir.mailing.alternatives-economiques.fr\/lnk\/AUUAAKOEFhUAAAAWzooAAD8WLEIAAAABXLcAA2znACPv_gBqhdBRbGyZnNUCSj-3H0HsSEcsIQAhqPw\/2\/bW5FNkZY0Dgjc1RVFWhs3g\/aHR0cHM6Ly93d3cuYWx0ZXJuYXRpdmVzLWVjb25vbWlxdWVzLmZyL2wtZXBhcmduZS1kZXMtZnJhbmNhaXMtZmluYW5jZS10LWVsbGUtbGEtZGVmZW5zZS1hLWxldXItaW5zdV8xOS0wOC0yMDI2P3V0bV9jYW1wYWlnbj1xdW90X3RvdXMmdXRtX21lZGl1bT1lbWFpbCZ1dG1fc291cmNlPWVtYWlsaW5nJnV0bV9jb250ZW50PTI2MDgxOQ\" target=\"_blank\" rel=\"noreferrer noopener\">L\u2019\u00e9pargne des Fran\u00e7ais finance-t-elle la d\u00e9fense \u00e0 leur insu ?<\/a> (Alter \u00e9co) <strong>&nbsp;<\/strong><\/p>\n\n\n\n<p class=\"wp-block-paragraph\"><a href=\"https:\/\/www.oxfamfrance.org\/communiques-de-presse\/ete-caniculaire-oxfam-france-alerte-sur-les-consequences-meconnues-de-ces-catastrophes-climatiques-et-propose-onze-mesures-pour-proteger-la-france\/\">\u00c9t\u00e9 caniculaire : alerte sur les cons\u00e9quences m\u00e9connues de ces catastrophes. 11 mesures pour prot\u00e9ger la France<\/a> (Oxfam France)<\/p>\n\n\n\n<p class=\"wp-block-paragraph\"><a href=\"https:\/\/lareleveetlapeste.fr\/a-cause-de-levaporation-la-mega-bassine-de-sainte-soline-est-completement-a-sec\/\">A cause de l\u2019\u00e9vaporation, la m\u00e9ga-bassine de Sainte-Soline est compl\u00e8tement \u00e0 sec<\/a> (La Rel\u00e8ve et la Peste)<\/p>\n\n\n\n<p class=\"wp-block-paragraph\"><a href=\"https:\/\/legrandcontinent.eu\/fr\/2026\/08\/19\/lhumanite-pourrait-etre-passee-sous-le-seuil-de-renouvellement-des-generations\/\">L\u2019humanit\u00e9 pourrait d\u00e9j\u00e0 \u00eatre pass\u00e9e sous le seuil de renouvellement des g\u00e9n\u00e9rations<\/a> (Le Grand Continent)<\/p>\n\n\n\n<p class=\"wp-block-paragraph\"><a href=\"https:\/\/lepoing.net\/assassinat-de-sonia-bellina-agression-transphobe-a-montpellier-chronique-morbide-dun-patriarcat-ordinaire\/\">Assassinat de Sonia Bellina, agression transphobe \u00e0 Montpellier : chronique morbide d\u2019un patriarcat &lsquo;<em>ordinaire<\/em>&lsquo;<\/a> (Le Poing)<\/p>\n\n\n\n<p class=\"wp-block-paragraph\"><a href=\"https:\/\/reporterre.net\/Feux-en-Gironde-comment-les-ecologistes-se-retrouvent-accuses-a-tort\">Incendies en Gironde&nbsp;: comment les \u00e9cologistes se retrouvent accus\u00e9s \u00e0 tort<\/a> (Reporterre)<\/p>\n\n\n\n<p class=\"wp-block-paragraph\"><a href=\"https:\/\/www.democrata.es\/fr\/international\/un-dirigeant-de-la-global-sumud-flotilla-arrete-en-tunisie-se-declare-en-greve-de-la-faim\/\">Un dirigeant de la Global Sumud Flotilla arr\u00eat\u00e9 en <strong>Tunisie<\/strong> se d\u00e9clare en gr\u00e8ve de la faim <\/a>(Dem\u00f3crata)<\/p>\n\n\n\n<p class=\"wp-block-paragraph\"><a href=\"https:\/\/www.wsws.org\/fr\/articles\/2026\/08\/20\/ryfn-a20.html\">La gr\u00e8ve des ouvriers du textile <strong>\u00e9gyptiens<\/strong>: un tournant pour le Moyen-Orient<\/a> (WSWS)<a href=\"https:\/\/www.huffingtonpost.fr\/international\/article\/ce-coup-de-theatre-lors-de-la-primaire-democrate-prouve-que-la-floride-est-plus-a-gauche-qu-on-ne-le-pense_307605.html\"><\/a><\/p>\n\n\n\n<p class=\"wp-block-paragraph\"><strong><a href=\"https:\/\/www.huffingtonpost.fr\/international\/article\/ce-coup-de-theatre-lors-de-la-primaire-democrate-prouve-que-la-floride-est-plus-a-gauche-qu-on-ne-le-pense_307605.html\">USA&nbsp;: <\/a><\/strong><a href=\"https:\/\/www.huffingtonpost.fr\/international\/article\/ce-coup-de-theatre-lors-de-la-primaire-democrate-prouve-que-la-floride-est-plus-a-gauche-qu-on-ne-le-pense_307605.html\">Coup de th\u00e9\u00e2tre lors de la primaire d\u00e9mocrate. La Floride est plus \u00e0 gauche qu\u2019on ne le pense<\/a> (HuffPost)<\/p>\n\n\n\n<p class=\"wp-block-paragraph\"><strong><strong><strong><mark style=\"background-color:rgba(0, 0, 0, 0);color:#ed1010\" class=\"has-inline-color\">L&rsquo;essentiel du 19 ao\u00fbt<\/mark><\/strong><\/strong><\/strong><a href=\"https:\/\/www.blast-info.fr\/articles\/2026\/dechets-textiles-letat-et-refashion-contre-lecologie-et-leconomie-sociale-et-solidaire-EXo69ufuSQCtFI0po7KSxw\"><\/a><\/p>\n\n\n\n<p class=\"wp-block-paragraph\"><a href=\"https:\/\/redir.mailing.alternatives-economiques.fr\/lnk\/AXEAAKTryCkAAAAWzogAAD8WLEIAAAABXLcAA2znACPv_gBqhH_wrpUm2x8HR_2tj-8zleCrkwAhqPw\/2\/k8wTxWnuqHqzM1gwgtpU2Q\/aHR0cHM6Ly93d3cuYWx0ZXJuYXRpdmVzLWVjb25vbWlxdWVzLmZyL2NhbmljdWxlLWxlcy1sZWNvbnMtZC11bi1ldGUtYnJ1bGFudF8xOC0wOC0yMDI2P3V0bV9jYW1wYWlnbj1xdW90X3RvdXMmdXRtX21lZGl1bT1lbWFpbCZ1dG1fc291cmNlPWVtYWlsaW5nJnV0bV9jb250ZW50PTI2MDgxOA\" target=\"_blank\" rel=\"noreferrer noopener\">Canicule : les le\u00e7ons d&rsquo;un \u00e9t\u00e9 br\u00fblant<\/a> (Alter \u00e9co)<\/p>\n\n\n\n<p class=\"wp-block-paragraph\"><a href=\"https:\/\/www.blast-info.fr\/articles\/2026\/dechets-textiles-letat-et-refashion-contre-lecologie-et-leconomie-sociale-et-solidaire-EXo69ufuSQCtFI0po7KSxw\">D\u00e9chets textiles\u202f: l\u2019\u00c9tat et Refashion contre l\u2019\u00e9cologie et l\u2019\u00e9conomie sociale et solidaire<\/a> (Blast)<a href=\"https:\/\/www.huffingtonpost.fr\/politique\/article\/le-29-octobre-l-assemblee-nationale-doit-voter-pour-interdire-les-pesticides-dangereux-pour-la-sante_307035.html\"><\/a><\/p>\n\n\n\n<p class=\"wp-block-paragraph\"><a href=\"https:\/\/www.huffingtonpost.fr\/politique\/article\/le-29-octobre-l-assemblee-nationale-doit-voter-pour-interdire-les-pesticides-dangereux-pour-la-sante_307035.html\">\u00ab&nbsp;Le 29&nbsp;octobre, l\u2019Assembl\u00e9e doit voter pour interdire les pesticides dangereux&nbsp;\u00bb<\/a> (HuffPost)<a href=\"https:\/\/www.huffingtonpost.fr\/france\/article\/sur-l-aide-a-mourir-quels-sont-les-points-a-regler-avant-l-entree-en-vigueur-effective_307463.html\"><\/a><\/p>\n\n\n\n<p class=\"wp-block-paragraph\"><a href=\"https:\/\/www.contretemps.eu\/comment-mener-une-politique-ecosocialiste-en-regime-capitaliste\/\">Comment mener une politique \u00e9cosocialiste en r\u00e9gime capitaliste<\/a> (Contretemps)<\/p>\n\n\n\n<p class=\"wp-block-paragraph\"><a href=\"https:\/\/www.france-palestine.org\/L-armee-israelienne-refuse-d-appliquer-l-ordre-interdisant-aux-colons\">L\u2019arm\u00e9e isra\u00e9lienne refuse d\u2019appliquer l\u2019ordre interdisant aux colons isra\u00e9liens d\u2019acc\u00e9der aux territoires plestiniens assi\u00e9g\u00e9s<\/a> (Haaretz)<\/p>\n\n\n\n<p class=\"wp-block-paragraph\"><a href=\"https:\/\/agencemediapalestine.fr\/blog\/2026\/08\/17\/larmee-israelienne-evacue-les-preuves-de-ses-crimes-a-gaza-au-rythme-de-100-camions-par-jour\/\">L\u2019arm\u00e9e isra\u00e9lienne \u00e9vacue les preuves de ses crimes \u00e0 Gaza au rythme de 100 camions par jour<\/a> (Euro-Med Human Rights Monitor, via AMP)<a href=\"https:\/\/www.huffingtonpost.fr\/international\/video\/mykhailo-fedorov-ex-ministre-ukrainien-de-la-defense-limoge-par-zelensky-reclame-des-elections_307397.html\"><\/a><\/p>\n\n\n\n<p class=\"wp-block-paragraph\"><strong><strong><strong><mark style=\"background-color:rgba(0, 0, 0, 0);color:#ed1010\" class=\"has-inline-color\">L&rsquo;essentiel du 18 ao\u00fbt<\/mark><\/strong><\/strong><\/strong><\/p>\n\n\n\n<p class=\"wp-block-paragraph\"><a href=\"https:\/\/www.rfi.fr\/fr\/moyen-orient\/20260818-en-direct-moyen-orient-un-navire-touch%C3%A9-par-un-projectile-inconnu-dans-le-d%C3%A9troit-d-ormuz\">EN DIRECT &#8211; Les <strong>\u00c9tats-Unis<\/strong> accusent <strong>Isra\u00ebl<\/strong> de frappes en<strong> Syrie <\/strong>et d\u00e9noncent une \u00ab<em>escalade inutile<\/em>\u00bb<\/a> (RFI)<\/p>\n\n\n\n<p class=\"wp-block-paragraph\"><a href=\"https:\/\/www.bfmtv.com\/politique\/la-france-insoumise\/le-gouvernement-a-menti-manuel-bompard-demande-une-commission-d-enquete-parlementaire-sur-la-gestion-des-incendies_AN-202608180142.html\">\u00ab\u00a0<em>Le gouvernement a menti<\/em>\u00a0\u00bb : Manuel Bompard demande une commission d&rsquo;enqu\u00eate parlementaire sur la gestion des incendies<\/a> (BFMTV)<\/p>\n\n\n\n<p class=\"wp-block-paragraph\"><a href=\"https:\/\/www.mediapart.fr\/journal\/ecologie\/170826\/incendies-pris-en-flagrant-delit-de-mensonge-nunez-reconnait-une-maladresse-lecornu-sattaque\">Mensonges sur les incendies&nbsp;: Nu\u00f1ez plaide la \u00ab<em>maladresse<\/em>\u00bb, Lecornu s\u2019attaque \u00e0 Mediapart <\/a>(Mediapart)<\/p>\n\n\n\n<p class=\"wp-block-paragraph\"><a href=\"https:\/\/www.huffingtonpost.fr\/politique\/article\/pour-la-ministre-barbut-le-meilleur-candidat-sur-le-rechauffement-climatique-n-est-pas-du-tout-macroniste_306242.html\">Pour la ministre Barbut, le meilleur candidat sur le climat n\u2019est pas (du tout) macroniste<\/a> (HuffPost)<a href=\"https:\/\/www.humanite.fr\/societe\/economie\/le-cout-de-la-vie-etudiante-a-augmente-de-plus-de-35-sous-le-macronisme\"><\/a><\/p>\n\n\n\n<p class=\"wp-block-paragraph\"><a href=\"https:\/\/www.humanite.fr\/societe\/economie\/le-cout-de-la-vie-etudiante-a-augmente-de-plus-de-35-sous-le-macronisme\">Le co\u00fbt de la vie \u00e9tudiante a augment\u00e9 de plus de 35&nbsp;% sous le macronisme<\/a> (L\u2019Humanit\u00e9)<\/p>\n\n\n\n<p class=\"wp-block-paragraph\"><a href=\"https:\/\/www.lavoixdefrance.fr\/actualites\/naval-group-189-milliards-de-commandes-en-2025-greve-a-indret-le-jour-ou-macron-baptise-le-porte-avions-13948\/\">Naval Group : 18,9 milliards de commandes en 2025, gr\u00e8ve \u00e0 Indret le jour o\u00f9 Macron baptise le porte-avions<\/a> (La Voix de France)<\/p>\n\n\n\n<p class=\"wp-block-paragraph\"><a href=\"https:\/\/www.mediapart.fr\/journal\/economie-et-social\/160826\/bulle-ia-tant-que-l-orchestre-joue\">Bulle de l\u2019intelligence artificielle&nbsp;: tant que l\u2019orchestre joue\u2026 <\/a>&nbsp;-Martine Orange (M\u00e9diapart)<a href=\"https:\/\/www.humanite.fr\/monde\/fiscalite\/optimisation-fiscale-comment-palantir-echappe-aux-impots-en-europe\"><\/a><\/p>\n\n\n\n<p class=\"wp-block-paragraph\"><a href=\"https:\/\/www.humanite.fr\/monde\/fiscalite\/optimisation-fiscale-comment-palantir-echappe-aux-impots-en-europe\">Optimisation fiscale&nbsp;: comment Palantir \u00e9chappe aux imp\u00f4ts en Europe<\/a> (L\u2019Humanit\u00e9)<\/p>\n\n\n\n<p class=\"wp-block-paragraph\"><a href=\"https:\/\/reporterre.net\/Serge-Zaka-C-est-l-annee-dont-l-agriculture-pourrait-ne-pas-se-remettre\">Serge Zaka&nbsp;: \u00ab&nbsp;<em>C\u2019est l\u2019ann\u00e9e dont l\u2019agriculture pourrait ne pas se remettre<\/em>&nbsp;\u00bb<\/a> (Reporterre)<\/p>\n\n\n\n<p class=\"wp-block-paragraph\"><a href=\"https:\/\/76835.r.sp1-brevo.net\/mk\/cl\/f\/sh\/1t6Af4OiGsEagAv2XXyyCnUomOnK1k\/VFili1GvOB3r\" target=\"_blank\" rel=\"noreferrer noopener\">Canicule : des champs grill\u00e9s aux \u00e9levages d\u00e9cim\u00e9s, le mod\u00e8le agricole fran\u00e7ais craque<\/a> (Elucid)<\/p>\n\n\n\n<p class=\"wp-block-paragraph\"><a href=\"https:\/\/www.lamarseillaise.fr\/social\/la-cgt-suspend-le-mouvement-de-greve-a-haribo-OO20595579\">La CGT suspend le mouvement de gr\u00e8ve \u00e0 Haribo<\/a> (La Marseillaise)<\/p>\n\n\n\n<p class=\"wp-block-paragraph\"><a href=\"https:\/\/legrandcontinent.eu\/fr\/2026\/08\/17\/trump-menace-de-frapper-oman-le-10e-pays-cible-depuis-son-retour-au-pouvoir\/\">Trump menace de frapper <strong>Oman<\/strong>, le 10e pays cibl\u00e9 depuis son retour au pouvoir<\/a> (Le Grand Continent)<\/p>\n\n\n\n<p class=\"wp-block-paragraph\"><a href=\"https:\/\/lvsl.fr\/le-retour-de-la-doctrine-monroe-et-lescalade-militaire-en-amerique-latine\/\">Le retour de la \u201cDoctrine&nbsp; Monroe\u201d et l\u2019escalade militaire en <strong>Am\u00e9rique latine<\/strong><\/a> (LVSL)<\/p>\n\n\n\n<p class=\"wp-block-paragraph\"><strong>Analyse et d\u00e9cryptage : notre s\u00e9lection<\/strong><\/p>\n\n\n\n<p class=\"wp-block-paragraph\"><em><u>\u00c9cologie<\/u>&nbsp;:<\/em> <a href=\"https:\/\/tracking.connaissancedesenergies.org\/tracking\/click?d=Ku2KZEuwuS9ZtF4e45QrXh88yN4zOdUMb4Rs1D8-qDUl5NrVBZWV60m0Y2W0sXbm_3VnrsuTdnb77lWbAFEOKUTGXYq1WNEO_GTJuQ-p4py6AwiOi9piRMHGBz2e-SWG-DVNxQxbqpQIxfdRam6XDFwOasQLeA-ovoVWh0qjdLiJRmYQGkKxllUpr-qvCDfi_CjUVJslq557dINjtLZnZmJ4Wz5C2PNKQH0QlP-DACL-kSeN90kBDhCD2DzH_QIj2A2\" target=\"_blank\" rel=\"noreferrer noopener\">Quelles sont les limites de la clim ?<\/a> (Connaissance des \u00e9nergies)&nbsp;&nbsp;<\/p>\n\n\n\n<p class=\"wp-block-paragraph\"><a href=\"https:\/\/www.sciencesetavenir.fr\/nature-environnement\/%20Et%20si%20l\u2019Amoc%20s\u2019arr\u00eatait%20?%20Ce%20qui%20changerait%20en%20Europe%20et%20dans%20le%20monde%0d\">Et si l\u2019Amoc s\u2019arr\u00eatait ? Ce qui changerait en Europe et dans le monde<\/a> (Sciences et avenir)<\/p>\n\n\n\n<p class=\"wp-block-paragraph\"><strong><strong><strong><mark style=\"background-color:rgba(0, 0, 0, 0);color:#ed1010\" class=\"has-inline-color\">L&rsquo;essentiel du 17 ao\u00fbt<\/mark><\/strong><\/strong><\/strong><\/p>\n\n\n\n<p class=\"wp-block-paragraph\"><a href=\"https:\/\/infos.lemonde.fr\/optiext\/optiextension.dll?ID=QKYoMVOELVycuvtIACEXc7w63jWcoBRHPDplMoPSTenEvLO8JN77__GN7t7SDjEIHxlT20-0rAFM5gLyCvU0wBYtRQzI_RwphK2c2-yx\" target=\"_blank\" rel=\"noreferrer noopener\">Pr\u00e9sidentielle 2027&nbsp;: le r\u00e9f\u00e9rendum constitutionnel de Marine Le Pen, \u00ab<em>un coup d\u2019Etat sur le fond et sur la forme<\/em>\u00bb<\/a>&nbsp; (Le Monde)<\/p>\n\n\n\n<p class=\"wp-block-paragraph\"><a href=\"https:\/\/76835.r.sp1-brevo.net\/mk\/cl\/f\/sh\/1t6Af4OiGsEagAv2XXyyCnUomOnK1k\/EVQavijjs02O\" target=\"_blank\" rel=\"noreferrer noopener\">IA : un ogre \u00e9nerg\u00e9tique \u00e0 l&#8217;empreinte environnementale d\u00e9sastreuse<\/a> (Elucid)<\/p>\n\n\n\n<p class=\"wp-block-paragraph\"><a href=\"https:\/\/t5.nl.france3.fr\/r\/?id=h5b3e00db,7014e302,6117286c&amp;e=cDE9Ym91cmdvZ25lLWZyYW5jaGUtY29tdGUmcDI9VjImcDM9MjAyNjA4MTYmcDQ9NzI2Mzc1LTE2MTMyODc1MTctNjY4MzYzZGMmcDU9RE0xMzU5NzU4JnA2PQ&amp;s=8V9nim2HHmX_Y083VCOCube4GiVgUkx9JeEMElSo62M\">Des tags racistes appelant \u00e0 la st\u00e9rilisation des \u00ab\u00a0bougn*ules\u00a0\u00bb : dans l&rsquo;Yonne, un \u00ab\u00a0<em>inqui\u00e9tant faisceau de mont\u00e9e de la haine<\/em>\u00ab\u00a0<\/a> (France 3)<\/p>\n\n\n\n<p class=\"wp-block-paragraph\"><a href=\"https:\/\/paris-luttes.info\/les-societes-minieres-creusent-21069\">Les soci\u00e9t\u00e9s mini\u00e8res creusent leurs trous. Cet hiver, on se d\u00e9terre, on les y enterre&nbsp;!<\/a> (Paris-Luttes info)<\/p>\n\n\n\n<p class=\"wp-block-paragraph\"><a href=\"https:\/\/www.humanite.fr\/monde\/gen-z-protests\/pour-le-chercheur-atul-chandra-la-generation-z-affirme-ne-pas-etre-politique-mais-ses-revendications-le-sont\">Atul Chandra, chercheur : \u00ab<em>La g\u00e9n\u00e9ration Z affirme ne pas \u00eatre politique, mais ses revendications le sont<\/em>\u00bb<\/a> (l\u2019Humanit\u00e9)<\/p>\n\n\n\n<p class=\"wp-block-paragraph\"><a href=\"https:\/\/rebellyon.info\/26-08-03-09-Contre-l-A412-et-son-monde-le-40253\">Contre l\u2019A412 et son monde, le Skibidi Chab\u2019fest 2<\/a> (Rebellyon)<\/p>\n\n\n\n<p class=\"wp-block-paragraph\"><a href=\"https:\/\/www.blast-info.fr\/articles\/2026\/nouveaux-influenceurs-dextreme-droite-et-pseudo-science-2-marc-vanguard-UUOuhIyoQhKK3iGhMRYdIQ\">Nouveaux influenceurs d\u2019extr\u00eame droite et pseudo-science (2)\u202f: \u00ab\u202fMarc Vanguard\u202f\u00bb<\/a> (blast)<\/p>\n\n\n\n<p class=\"wp-block-paragraph\"><a href=\"https:\/\/ch.zonebourse.com\/actualite-bourse\/massachusetts-une-militante-contre-la-faim-entame-une-greve-de-la-faim-pour-protester-contre-les-c-ce7859dfdf8ef723\"><strong>Massachusetts<\/strong> : une militante contre la faim entame une gr\u00e8ve de la faim pour protester contre les coupes dans les bons alimentaires de Trump<\/a> (Zonebourse)<\/p>\n\n\n\n<p class=\"wp-block-paragraph\"><strong><strong><strong><mark style=\"background-color:rgba(0, 0, 0, 0);color:#ed1010\" class=\"has-inline-color\">L&rsquo;essentiel du 14 ao\u00fbt<\/mark><\/strong><\/strong><\/strong><\/p>\n\n\n\n<p class=\"wp-block-paragraph\"><a href=\"https:\/\/www.laprovence.com\/article\/societe\/39980421933973\/emmanuel-macron-a-jet-ski-la-france-brule-le-president-s-amuse-la-une-de-paris-match-qui-cree-des-remous??utm_source=firefox-newtab-fr-fr\">Macron \u00e0 jet-ski&nbsp;: \u00ab\u00a0<em>La France br\u00fble, le pr\u00e9sident s\u2019amuse<\/em>\u00ab\u00a0, la une de Paris Match&nbsp;qui cr\u00e9e des remous<\/a> (La Provence)<\/p>\n\n\n\n<p class=\"wp-block-paragraph\"><a href=\"https:\/\/www.google.com\/url?sa=t&amp;source=web&amp;rct=j&amp;opi=89978449&amp;url=https:\/\/www.liberation.fr\/politique\/macron-et-glucksmann-en-une-de-paris-match-quon-en-finisse-avec-la-peopolitique-20260813_N4FVEAHU4BGNPAPYH2JUCEG4QI\/&amp;ved=2ahUKEwjVkdH7y6CWAxXQ8LsIHauSJE4QxfQBKAB6BAgSEAE&amp;usg=AOvVaw0pc19-qPUyFh4CkwnI3wZN\">Macron et Glucksmann en une de \u00abParis Match\u00bb : qu\u2019on en finisse avec la \u00ab<em>peopolitique<\/em>\u00bb <\/a>(Lib\u00e9ration)<\/p>\n\n\n\n<p class=\"wp-block-paragraph\"><a href=\"https:\/\/r.mail.reporterre.net\/mk\/cl\/f\/sh\/1t6Aej5bapV7Eo38OI3Z4wgilugK6W\/FiARQSEjQDmF\" target=\"_blank\" rel=\"noreferrer noopener\">L\u2019IA stimule l\u2019industrie p\u00e9troli\u00e8re et booste ses b\u00e9n\u00e9fices<\/a> (Reporterre)<\/p>\n\n\n\n<p class=\"wp-block-paragraph\"><a href=\"https:\/\/lanticapitaliste.org\/actualite\/culture\/defendre-le-service-public-de-la-culture-faire-vivre-un-art-emancipateur\">D\u00e9fendre le service public de la culture<\/a> (L\u2019Anticapitaliste)<\/p>\n\n\n\n<p class=\"wp-block-paragraph\"><a href=\"https:\/\/infos.lemonde.fr\/optiext\/optiextension.dll?ID=FUW9xaoN3GOBDKohOiERhG74X49EgZIoAAHvZsWNk4dw5Zu5sKzQls47mGzjlKcv3BAGxPIBGm7kkKdlPiDouKTm4E8VtTNgKCx4xUHq\" target=\"_blank\" rel=\"noreferrer noopener\">En France, le d\u00e9veloppement anarchique des data centers rel\u00e8ve davantage du Far West que de l\u2019eldorado num\u00e9rique<\/a> (Le Monde, Tribune)<\/p>\n\n\n\n<p class=\"wp-block-paragraph\"><a href=\"https:\/\/www.telerama.fr\/debats-reportages\/les-americains-se-mobilisent-contre-les-data-centers-mark-zuckerberg-mobilise-ses-dollars-7032423.php\">Les Am\u00e9ricains se mobilisent contre les data centers<\/a> (T\u00e9l\u00e9rama)<\/p>\n\n\n\n<p class=\"wp-block-paragraph\"><a href=\"https:\/\/redirection.b2b.infopro-digital.com\/lnk\/AXEAAKSNURkAAc6k1NwAA_CpmwQAAYKKV6IAAAAAADBGiwBqfqIW1NmAgJcGRrSFKf2Fc7EerQAMCy8\/10\/w6m3QwgdmU572jvxf9gFfw\/aHR0cHM6Ly9yZWRpci5vd25wYWdlLmZyL25ld3NsZXR0ZXIvNmUwMTBhYmU0Yjg2NDdhMWI0NGQyNDMyMTlhYTE2YjEvZXlKeklqb2lPR0pqWTJVMk9UVWlMQ0poY2lJNkltMWhiblZoYkY4Mklpd2lkU0k2SW1VNE9Ea3dZelJrWWpVeU5UWTJZMlE1Tm1ZME5qRTNaV016WldSaE1ESTFOelV4TkRjNU1XSXhPR1ZqWlRneE56aGpNVE5pTm1Nd09HUXhNbU5qTUdJaUxDSjFjaUk2SW1oMGRIQnpPaTh2ZDNkM0xuVnphVzVsTFdScFoybDBZV3hsTG1aeUwybHVabTl5YldGMGFYRjFaUzlrWVhSaExXTmxiblJsY25NdmNHeDFjeTFrWlMwMU1DMWtkUzFqYjNWMExXUmxjeTF6YVc1cGMzUnlaWE10YkdsbGN5MWhkWGd0YVc1alpXNWthV1Z6TFd4bGN5MWtZWFJoTFdObGJuUmxjbk10Wm1GalpTMWhMV1JsY3kxeWFYTnhkV1Z6TFdkeVlXNWthWE56WVc1MGN5NHlURW95VjA4eVZUWk9SazlNUzBnMFZGTTBURVJEU2taWVRTNW9kRzFzUDNWMGJWOXpiM1Z5WTJVOWJtVjNjMnhsZEhSbGNpWjFkRzFmYldWa2FYVnRQV1Z0WVdsc0puVjBiVjlqWVcxd1lXbG5iajFwYm1adlgzVmtMWEYxYjNScFpHbGxibTVsSm1WdFlXbHNQVEkyTlRnMk5EUW1YMlZ0ZFQxbE9EZzVNR00wWkdJMU1qVTJObU5rT1RabU5EWXhOMlZqTTJWa1lUQXlOVGMxTVRRM09URmlNVGhsWTJVNE1UYzRZekV6WWpaak1EaGtNVEpqWXpCaUpuTnlZMTlsYldGcGJGOXpaVzVrWDJSaGRHVTlNakF5Tmkwd09DMHhOQ1oxYzJWeVgybGtYMjVzUFRJMk5UZzJORFFtYVdSaVpHUTlNVEExT0RreE16WW1YMjl3WlQxbGVVcHVaRmRzYTBscWIybGFWR2MwVDFSQ2FrNUhVbWxPVkVreFRtcGFhbHBFYXpKYWFsRXlUVlJrYkZsNlRteGFSMFYzVFdwVk0wNVVSVEJPZW10NFdXcEZORnBYVG14UFJFVXpUMGROZUUweVNUSlpla0UwV2tSRmVWa3lUWGRaYVVvNUlpd2laeUk2SWpRM01qazFPQ0lzSW5BaU9pSXhNQ0o5\" target=\"_blank\" rel=\"noreferrer noopener\">Plus de 50% du co\u00fbt des sinistres li\u00e9s aux incendies : les data centers face \u00e0 des risques grandissants<\/a> (Usine Digitale)<\/p>\n\n\n\n<p class=\"wp-block-paragraph\"><a href=\"https:\/\/redir.mailing.alternatives-economiques.fr\/lnk\/AUsAAKLhf7UAAAAWzoAAAD8WLEIAAAABXLcAA2znACPv_gBqfzURm3QRWPL6SQmM8tpcE0HTDQAhqPw\/2\/zSLS1UhMwvdsaOV_elYAUA\/aHR0cHM6Ly93d3cuYWx0ZXJuYXRpdmVzLWVjb25vbWlxdWVzLmZyL2NvbnRyYWlyZW1lbnQtYXV4LWRlc2VydHMtbGEtbHV0dGUtY29udHJlLWxhLWRlc2VydGlmaWNhdGlvbi1hdmFuY2UtcGV1XzE0LTA4LTIwMjY_dXRtX2NhbXBhaWduPXF1b3RfdG91cyZ1dG1fbWVkaXVtPWVtYWlsJnV0bV9zb3VyY2U9ZW1haWxpbmcmdXRtX2NvbnRlbnQ9MjYwODE0\" target=\"_blank\" rel=\"noreferrer noopener\">Les d\u00e9serts avancent plus vite que la lutte contre la d\u00e9sertification<\/a> (Alter \u00e9co)<\/p>\n\n\n\n<p class=\"wp-block-paragraph\"><a href=\"https:\/\/www.liberation.fr\/environnement\/climat\/on-ne-veut-pas-etre-qualifies-de-heros-on-veut-quon-nous-donne-des-moyens-en-greve-les-pompiers-recus-par-laurent-nunez-ce-jeudi-20260813_3SHW4TKUWVBMVOLUF35KQXL6BM\/\">Re\u00e7us par Laurent Nu\u00f1ez, les pompiers se disent \u00ab<em>d\u00e9\u00e7us<\/em>\u00bb et appellent \u00e0 une mobilisation d\u2019ampleur<\/a> (Lib\u00e9ration)<a href=\"https:\/\/www.huffingtonpost.fr\/international\/article\/a-bord-d-un-porte-avions-depuis-plus-de-250-jours-du-fait-de-la-guerre-en-iran-ces-soldats-americains-sont-a-bout_304234.html\"><\/a><\/p>\n\n\n\n<p class=\"wp-block-paragraph\"><a href=\"https:\/\/www.huffingtonpost.fr\/international\/article\/a-bord-d-un-porte-avions-depuis-plus-de-250-jours-du-fait-de-la-guerre-en-iran-ces-soldats-americains-sont-a-bout_304234.html\">A bord d\u2019un porte-avions depuis plus de 250&nbsp;jours, ces soldats am\u00e9ricains sont \u00e0 bout<\/a> (HuffPost)<\/p>\n\n\n\n<p class=\"wp-block-paragraph\"><a href=\"https:\/\/lvsl.fr\/maree-noire-en-iran-les-cicatrices-ecologiques-de-la-guerre\/\">Mar\u00e9e noire en <strong>Iran<\/strong> : les cicatrices \u00e9cologiques de la guerre<\/a> (LVSL)<\/p>\n\n\n\n<p class=\"wp-block-paragraph\"><a href=\"https:\/\/www.boursorama.com\/bourse\/actualites-amp\/apres-trois-ans-de-greve-contre-tesla-un-syndicat-suedois-jette-l-eponge-23d2d4248737d1da6c06d8260fd17a5a\">Apr\u00e8s trois ans de gr\u00e8ve contre Tesla, un syndicat <strong>su\u00e9dois<\/strong> jette l&rsquo;\u00e9ponge<\/a> (Boursorama)<\/p>\n\n\n\n<p class=\"wp-block-paragraph\"><strong>Analyse et d\u00e9cryptage : notre s\u00e9lection<\/strong><\/p>\n\n\n\n<p class=\"wp-block-paragraph\"><a href=\"https:\/\/legrandcontinent.eu\/fr\/themes\/politique\/vocabulaire-de-lextreme-droite-pour-une-philologie-critique-de-nos-annees-vingt\/\">Vocabulaire de l&rsquo;extr\u00eame droite&nbsp;:&nbsp;<\/a><a href=\"https:\/\/legrandcontinent.eu\/fr\/2026\/08\/14\/grand-remplacement\/\">Grand Remplacement<\/a> (Le Grand Continent)<\/p>\n\n\n\n<p class=\"wp-block-paragraph\"><strong><strong><strong><mark style=\"background-color:rgba(0, 0, 0, 0);color:#ed1010\" class=\"has-inline-color\">L&rsquo;essentiel du 13 ao\u00fbt<\/mark><\/strong><\/strong><\/strong><\/p>\n\n\n\n<p class=\"wp-block-paragraph\"><a href=\"https:\/\/www.boursorama.com\/actualite-economique\/actualites\/decus-et-a-bout-les-pompiers-appellent-a-la-mobilisation-pour-obtenir-des-moyens-c3937670b091d331c3aab363a1ae2746\">\u00ab\u00a0D\u00e9\u00e7us\u00a0\u00bb et \u00ab\u00a0\u00e0 bout\u00a0\u00bb, les pompiers appellent \u00e0 la mobilisation pour obtenir des moyens<\/a> (AFP)<\/p>\n\n\n\n<p class=\"wp-block-paragraph\"><a href=\"https:\/\/www.mediapart.fr\/journal\/politique\/120826\/eclipse-solaire-l-indifference-desastreuse-du-gouvernement\">\u00c9clipse solaire&nbsp;: l\u2019indiff\u00e9rence d\u00e9sastreuse du gouvernement<\/a> (M\u00e9diapart)<a href=\"https:\/\/www.huffingtonpost.fr\/politique\/article\/la-canicule-va-t-elle-couter-15-milliards-a-la-france-voici-d-ou-vient-le-chiffre-annonce-par-monique-barbut_304233.html\"><\/a><\/p>\n\n\n\n<p class=\"wp-block-paragraph\"><a href=\"https:\/\/www.huffingtonpost.fr\/politique\/article\/la-canicule-va-t-elle-couter-15-milliards-a-la-france-voici-d-ou-vient-le-chiffre-annonce-par-monique-barbut_304233.html\">La canicule va-t-elle co\u00fbter 15&nbsp;milliards \u20ac&nbsp;? D\u2019o\u00f9 vient le chiffre annonc\u00e9 par Barbut<\/a> (HuffPost)<\/p>\n\n\n\n<p class=\"wp-block-paragraph\"><a href=\"https:\/\/redir.mailing.alternatives-economiques.fr\/lnk\/AVkAAKItMy8AAAAWzn4AAD8WLEIAAAABXLcAA2znACPv_gBqfeNaOOSd_DZWSy6qtOrP2vpL6wAhqPw\/6\/WZ5PzwLkx3sXoOC_vqpgjQ\/aHR0cHM6Ly93d3cuYWx0ZXJuYXRpdmVzLWVjb25vbWlxdWVzLmZyL2VtcHJlaW50ZS1jYXJib25lLWxhLWZyYW5jZS1zZS1maXhlLXVuLW9iamVjdGlmLWVuY29yZS1sb2luLWQtZXRyZS1hdHRlaW50XzEzLTA4LTIwMjY_dXRtX2NhbXBhaWduPXF1b3RfdG91cyZ1dG1fbWVkaXVtPWVtYWlsJnV0bV9zb3VyY2U9ZW1haWxpbmcmdXRtX2NvbnRlbnQ9MjYwODEz\" target=\"_blank\" rel=\"noreferrer noopener\">Empreinte carbone : la France se fixe un objectif\u2026 encore loin d&rsquo;\u00eatre atteint<\/a> (Alter \u00e9co)<\/p>\n\n\n\n<p class=\"wp-block-paragraph\"><a href=\"https:\/\/infos.lemonde.fr\/optiext\/optiextension.dll?ID=TWYMxidu9dMRWGqvIyFdDilHRQwDr22it4DsGUAxrGTMWxnKlODn2xO6vD8YWf8usDrGs41OGRfklyi4ManQvXnxLVrG2bqDYRuF4oSg\" target=\"_blank\" rel=\"noreferrer noopener\">Aides sociales et avantages fiscaux des familles&nbsp;: un rapport propose 4,2&nbsp;milliards \u20ac d\u2019\u00e9conomies sur ces dispositifs<\/a> (Le Monde)<\/p>\n\n\n\n<p class=\"wp-block-paragraph\"><a href=\"https:\/\/www.humanite.fr\/social-et-economie\/cgt\/tous-les-problemes-vont-se-repeter-la-prefecture-casse-la-greve-du-samu-social-de-paris-et-laisse-des-familles-sans-solution-dhebergement\">\u00ab<em>Tous les probl\u00e8mes vont se r\u00e9p\u00e9ter<\/em>\u00bb&nbsp;: la pr\u00e9fecture casse la gr\u00e8ve du Samu social de Paris et laisse des familles sans solution d\u2019h\u00e9bergement<\/a> (l\u2019Humanit\u00e9)<\/p>\n\n\n\n<p class=\"wp-block-paragraph\"><a href=\"https:\/\/reporterre.net\/Ni-ici-ni-ailleurs-une-nouvelle-bataille-s-ouvre-sur-l-ex-zad-de-Notre-Dame-des-Landes-L\">\u00ab<em>Ni ici, ni ailleurs<\/em>\u00bb&nbsp;: une nouvelle bataille s\u2019ouvre sur l\u2019ex-zad de Notre-Dame-des-Landes<\/a> (Reporterre)<\/p>\n\n\n\n<p class=\"wp-block-paragraph\"><a href=\"https:\/\/theconversation.com\/quelles-sont-les-limites-de-la-clim-288010\">Quelles sont les limites de&nbsp;la&nbsp;clim&nbsp;?<\/a> (The conversation)<\/p>\n\n\n\n<p class=\"wp-block-paragraph\"><a href=\"https:\/\/link.newsletter.franceculture.fr\/m\/ml\/7429\/1044512\/g3MKf-08wMC5kUg-8z1E3jf6jGkAcVz5ledYi_nU5kk=\/Jbw0naRgoJVdLGxdiih6viUebFQ8zAYIIbolgZeJE6c=\/\" target=\"_blank\" rel=\"noreferrer noopener\">La r\u00e9volte des Flamants roses en <strong>Albanie<\/strong>, r\u00e9veil des consciences europ\u00e9ennes ?<\/a> (France Culture) &nbsp;<\/p>\n\n\n\n<p class=\"wp-block-paragraph\"><a href=\"https:\/\/www.boursorama.com\/actualite-economique\/actualites\/en-annulant-un-rapport-sur-l-arctique-l-administration-trump-s-attaque-encore-a-la-science-du-climat-6a2dc89b552a056ab59da80db49efbf9\">En annulant un rapport sur l&rsquo;Arctique, Trump s&rsquo;attaque encore \u00e0 la science du climat<\/a> (AFP)<\/p>\n\n\n\n<p class=\"wp-block-paragraph\"><a href=\"https:\/\/redirection.b2b.infopro-digital.com\/lnk\/AXAAAKRT0gYAAc6k1NIAA_CpmwQAAYKKV6MAAAAAADBGiwBqfJX_tE9Pyc9GSfi-F3y8IZ7h_wAMCy8\/3\/fAosx0NqRXUsjaGzfn8ZWg\/aHR0cHM6Ly9yZWRpci5vd25wYWdlLmZyL25ld3NsZXR0ZXIvMWVlZmRmNDE5ZWEzNGMzOTk5NWIxN2Y3MGNhZjBjZGEvZXlKeklqb2lNVGMyTkRNMVptSWlMQ0poY2lJNkltMWhiblZoYkY4eklpd2lkU0k2SW1VeE5EUXpOVEJtTXpJNE5qYzJNemhoTjJJMU16UXhZMkk1WldKbE5UTTVJaXdpZFhJaU9pSm9kSFJ3Y3pvdkwzZDNkeTUxYzJsdVpXNXZkWFpsYkd4bExtTnZiUzlsYkdWamRISnZibWx4ZFdVdGFXNW1iM0p0WVhScGNYVmxMMk5zYjNWa0xXTnZiWEIxZEdsdVp5OWtZWFJoWTJWdWRHVnljeTkxYm1VdGJXRnVibVV0Wm1sdVlXNWphV1Z5WlMxdFlXbHpMWFZ1TFdkdmRXWm1jbVV0Wlc1bGNtZGxkR2x4ZFdVdFlYVXRibTl5WkMxa1pTMXNZUzEyYVhKbmFXNXBaUzFzWVMxbWIyeHNaUzFqY205cGMzTmhibU5sTFdSbGN5MWtZWFJoWTJWdWRHVnljeTFqY21WbExXUmxjeTEwWlc1emFXOXVjeTVVVkZGQ1JUWTNXVFpLVEZoYVQwNVRURTQyV2treVVVWlFUUzVvZEcxc1AzVjBiVjl6YjNWeVkyVTlibVYzYzJ4bGRIUmxjaVoxZEcxZmJXVmthWFZ0UFdWdFlXbHNKblYwYlY5allXMXdZV2xuYmoxcGJtWnZYMnhoTFhGMWIzUnBaR2xsYm01bEptVnRZV2xzUFRJMk5UZzJORFFtWDJWdGRUMWxPRGc1TUdNMFpHSTFNalUyTm1Oa09UWm1ORFl4TjJWak0yVmtZVEF5TlRjMU1UUTNPVEZpTVRobFkyVTRNVGM0WXpFellqWmpNRGhrTVRKall6QmlKbk55WTE5bGJXRnBiRjl6Wlc1a1gyUmhkR1U5TWpBeU5pMHdPQzB4TWlaMWMyVnlYMmxrWDI1c1BUSTJOVGcyTkRRbWFXUmlaR1E5TVRBMU9Ea3dPVE1tWDI5d1pUMWxlVXB1WkZkc2EwbHFiMmxhVkVVd1RrUk5NVTFIV1hwTmFtY3lUbnBaZWs5SFJUTlphbFY2VGtSR2FsbHFiR3haYlZVeFRYcHJhV1pSSlRORUpUTkVJaXdpWnlJNklqUTNNamMwTXlJc0luQWlPaUl6SW4wPQ\" target=\"_blank\" rel=\"noreferrer noopener\"><strong>USA <\/strong>: au nord de la Virginie, la folle croissance des datacenters cr\u00e9e des tensions<\/a> (Usine Nouvelle)&nbsp;<\/p>\n\n\n\n<p class=\"wp-block-paragraph\"><strong><strong><strong><mark style=\"background-color:rgba(0, 0, 0, 0);color:#ed1010\" class=\"has-inline-color\">L&rsquo;essentiel du 12 ao\u00fbt<\/mark><\/strong><\/strong><\/strong><a href=\"https:\/\/www.rfi.fr\/fr\/france\/20260810-france-en-gr%C3%A8ve-les-salari%C3%A9s-du-samu-social-d%C3%A9noncent-des-coupes-drastiques-dans-les-h%C3%A9bergements-d-urgence\"><\/a><\/p>\n\n\n\n<p class=\"wp-block-paragraph\"><a href=\"https:\/\/www.rfi.fr\/fr\/france\/20260810-france-en-gr%C3%A8ve-les-salari%C3%A9s-du-samu-social-d%C3%A9noncent-des-coupes-drastiques-dans-les-h%C3%A9bergements-d-urgence\">En gr\u00e8ve, les salari\u00e9s du Samu social d\u00e9noncent des coupes drastiques dans les h\u00e9bergements d&rsquo;urgence<\/a> (RFI)<\/p>\n\n\n\n<p class=\"wp-block-paragraph\"><a href=\"https:\/\/www.huffingtonpost.fr\/politique\/article\/l-excuse-de-sebastien-lecornu-face-aux-mauvais-chiffres-du-chomage_302756.html\">L\u2019excuse de S\u00e9bastien Lecornu face aux mauvais chiffres du ch\u00f4mage<\/a> (HuffPost)<\/p>\n\n\n\n<p class=\"wp-block-paragraph\"><a href=\"https:\/\/www.mediapart.fr\/journal\/politique\/110826\/affiches-racistes-et-traditions-retrouvees-agde-le-maire-rn-imprime-sa-marque-touristique\">Affiches racistes et traditions retrouv\u00e9es&nbsp;: \u00e0 Agde, le maire RN imprime sa marque touristique <\/a>(Mediapart)<\/p>\n\n\n\n<p class=\"wp-block-paragraph\"><a href=\"https:\/\/blogs.mediapart.fr\/thomas-delclite\/blog\/090826\/melenchon-48-chez-les-jeunes-le-sondage-qui-se-contredit-cinq-fois\">M\u00e9lenchon \u00e0 48 % chez les jeunes : le sondage qui se contredit cinq fois<\/a> (Blog de Thomas Delclite)<\/p>\n\n\n\n<p class=\"wp-block-paragraph\"><a href=\"https:\/\/www.blast-info.fr\/articles\/2026\/les-journalistes-de-tv5-monde-resistent-a-linfluence-marocaine-ThMye79WQVGeymhppX1GGQ\">Les journalistes de TV5 Monde r\u00e9sistent \u00e0 l\u2019influence marocaine<\/a> (blast)<\/p>\n\n\n\n<p class=\"wp-block-paragraph\"><a href=\"https:\/\/blog.mondediplo.net\/mathieu-pigasse-porte-beau\">Matthieu Pigasse porte beau &#8211; F. Lordon<\/a> (Le Monde Diplomatique)<\/p>\n\n\n\n<p class=\"wp-block-paragraph\"><a href=\"https:\/\/reporterre.net\/On-a-notre-place-partout-randonner-en-montagne-une-experience-jalonnee-de-racisme\">\u00ab&nbsp;Restez chez vous&nbsp;\u00bb&nbsp;: \u00e0 la montagne, ces randonneurs subissent le racisme<\/a> (Reporterre)<\/p>\n\n\n\n<p class=\"wp-block-paragraph\"><a href=\"https:\/\/76835.r.sp1-brevo.net\/mk\/cl\/f\/sh\/1t6Af4OiGsEagAv2XXyyCnUomOnK1k\/hIMrOMtAcj-X\" target=\"_blank\" rel=\"noreferrer noopener\">Le trafic mondial de d\u00e9chets : un crime environnemental \u00e0 1 200 milliards $<\/a> (Elucid)<\/p>\n\n\n\n<p class=\"wp-block-paragraph\"><a href=\"https:\/\/journal-labreche.fr\/societe-du-dechet-pour-consommer-autant-il-faut-pouvoir-jeter-facilement\/\">Soci\u00e9t\u00e9 du d\u00e9chet : \u00ab<em>Pour consommer autant, il faut pouvoir jeter facilement<\/em>\u00bb<\/a> (La Br\u00e8che)<\/p>\n\n\n\n<p class=\"wp-block-paragraph\"><a href=\"https:\/\/lareleveetlapeste.fr\/trente-trois-heures-de-garde-a-vue-et-trois-nuits-en-prison-pour-une-banderole-sur-un-pont\/\">Trente trois heures de garde \u00e0 vue et trois nuits en prison&nbsp;pour une banderole sur un pont<\/a> (La Rel\u00e8ve et La Peste)<\/p>\n\n\n\n<p class=\"wp-block-paragraph\"><a href=\"https:\/\/www.youtube.com\/watch?v=VTFXXV_3x9Q\">La fabrique culturelle de la misogynie : quand les femmes font peur &#8211; Entretien<\/a> (blast)&nbsp;<\/p>\n\n\n\n<p class=\"wp-block-paragraph\"><a href=\"https:\/\/www.mediapart.fr\/journal\/france\/100826\/nice-un-pere-tue-son-fils-de-17-ans-apres-avoir-ete-quitte-ces-crimes-vicariants-que-la-france-ne-veut-pas\">Ces crimes vicariants que la France ne veut pas voir<\/a>&nbsp;(M\u00e9diapart)<a href=\"https:\/\/www.france-palestine.org\/300-jours-de-cessez-le-feu-300-enfants-tues-a-Gaza\"><\/a><\/p>\n\n\n\n<p class=\"wp-block-paragraph\"><a href=\"https:\/\/agencemediapalestine.fr\/blog\/2026\/08\/11\/le-conseil-de-la-paix-a-echoue-cette-institution-devrait-etre-supprimee\/\">Le Conseil de la paix a \u00e9chou\u00e9 ; cette institution devrait \u00eatre supprim\u00e9e<\/a> (Al Jazeera) <a href=\"https:\/\/www.france-palestine.org\/Ils-veulent-nous-faire-partir-Israel-detruit-les-puits-de-Cisjordanie-qui\"><\/a><\/p>\n\n\n\n<p class=\"wp-block-paragraph\"><a href=\"https:\/\/www.france-palestine.org\/300-jours-de-cessez-le-feu-300-enfants-tues-a-Gaza\">300 jours de cessez-le-feu, 300 enfants tu\u00e9s \u00e0 <strong>Gaza<\/strong><\/a> (ONU info)<\/p>\n\n\n\n<p class=\"wp-block-paragraph\"><a href=\"https:\/\/click.mlsend2.com\/link\/c\/YT0zMDczNjA0MzM2MTg2NTU4MjUyJmM9YjdnMCZlPTg1MDQxJmI9MTU2MDUyMzYwMSZkPXc0dTJ4MW4=.3XBZYqWVZl08CR5dsJss7gspHcvhqGXGiE2D69BSDGQ\">\u00ab<em>Une coop\u00e9ration totale<\/em>\u00bb : l\u2019Universit\u00e9 de <strong>Tel-Aviv<\/strong> au service de l\u2019\u00c9tat s\u00e9curitaire isra\u00e9lien<\/a> (+972, via AMP)<a href=\"https:\/\/www.france-palestine.org\/Carrefour-poursuit-son-expansion-en-Israel-en-approvisionnant-le-ministere-de\"><\/a><\/p>\n\n\n\n<p class=\"wp-block-paragraph\"><a href=\"https:\/\/www.france-palestine.org\/Carrefour-poursuit-son-expansion-en-Israel-en-approvisionnant-le-ministere-de\">Carrefour poursuit son expansion en <strong>Isra\u00ebl <\/strong>en approvisionnant le minist\u00e8re de la S\u00e9curit\u00e9 <\/a>&nbsp;(The New Arab)<\/p>\n\n\n\n<p class=\"wp-block-paragraph\"><strong>Analyse et d\u00e9cryptage : notre s\u00e9lection<\/strong><\/p>\n\n\n\n<p class=\"wp-block-paragraph\"><a href=\"https:\/\/legrandcontinent.eu\/fr\/2026\/08\/10\/la-vraie-revolution-technologique\/\">Et si la vraie r\u00e9volution technologique n\u2019\u00e9tait pas l\u2019IA&nbsp;?<\/a> (Le Grand Continent)<\/p>\n\n\n\n<p class=\"wp-block-paragraph\"><a href=\"https:\/\/contre-attaque.net\/2026\/08\/12\/scandale-international-ursula-von-der-leyen-legitime-et-arme-la-colonisation\/\">Scandale international : Ursula Von Der Leyen l\u00e9gitime et arme la colonisation<\/a> (Contre Attaque)<\/p>\n\n\n\n<p class=\"wp-block-paragraph\"><strong><strong><strong><mark style=\"background-color:rgba(0, 0, 0, 0);color:#ed1010\" class=\"has-inline-color\">L&rsquo;essentiel du 10 ao\u00fbt<\/mark><\/strong><\/strong><\/strong><a href=\"https:\/\/www.humanite.fr\/politique\/rassemblement-national\/taxe-zucman-impots-a-lassemblee-nationale-le-rn-fait-bloc-pour-preserver-les-cadeaux-fiscaux-aux-plus-riches-et-aux-entreprises\"><\/a><\/p>\n\n\n\n<p class=\"wp-block-paragraph\"><a href=\"https:\/\/www.humanite.fr\/politique\/rassemblement-national\/taxe-zucman-impots-a-lassemblee-nationale-le-rn-fait-bloc-pour-preserver-les-cadeaux-fiscaux-aux-plus-riches-et-aux-entreprises\">\u00c0 l\u2019Assembl\u00e9e nationale, le RN fait bloc pour pr\u00e9server les cadeaux fiscaux aux plus riches et aux entreprises<\/a> (L\u2019Humanit\u00e9)<a href=\"https:\/\/www.humanite.fr\/politique\/election-presidentielle\/presidentielle-2027-francois-bayrou-milite-pour-une-primaire-du-parti-socialiste-jusquaux-gaullistes\"><\/a><\/p>\n\n\n\n<p class=\"wp-block-paragraph\"><a href=\"https:\/\/76835.r.sp1-brevo.net\/mk\/cl\/f\/sh\/1t6Af4OiGsEagAv2XXyyCnUomOnK1k\/HRMkqHjFRWrS\" target=\"_blank\" rel=\"noreferrer noopener\">Loi anti-fraude : les allocataires d&rsquo;abord, la fraude fiscale attendra<\/a> (Elucid)<\/p>\n\n\n\n<p class=\"wp-block-paragraph\"><a href=\"https:\/\/7rtdr.r.sp1-brevo.net\/mk\/cl\/f\/sh\/SMK1E8tHeGEmAqpCMF3BkBVHjPcK\/2P0SLM-21oYQ\" target=\"_blank\" rel=\"noreferrer noopener\">Incendies : la base de Canadairs sacrifi\u00e9e par Bruno Retailleau<\/a> (Off Investigation)<\/p>\n\n\n\n<p class=\"wp-block-paragraph\"><a href=\"https:\/\/r.mail.reporterre.net\/mk\/cl\/f\/sh\/1t6AnZZCzHjpk201vhfK82TebptOIW\/l8-ZKO25w-0r\" target=\"_blank\" rel=\"noreferrer noopener\">\u00ab<em>IA pas moyen<\/em>\u00bb&nbsp;: ils refusent le data center g\u00e9ant de Microsoft en Alsace<\/a> (Reporterre)<\/p>\n\n\n\n<p class=\"wp-block-paragraph\"><a href=\"https:\/\/www.hrw.org\/fr\/news\/2026\/08\/06\/liban-le-meurtre-dune-journaliste-par-israel-etait-un-crime-de-guerre-manifeste\"><strong>Liban<\/strong> : Le meurtre d\u2019une journaliste par Isra\u00ebl \u00e9tait un crime de guerre manifeste<\/a> (HRW)<a href=\"https:\/\/www.rfi.fr\/fr\/moyen-orient\/20260808-isra%C3%ABl-la-fuite-des-cerveaux-a-doubl%C3%A9-en-cinq-ans\"><\/a><\/p>\n\n\n\n<p class=\"wp-block-paragraph\"><a href=\"https:\/\/legrandcontinent.eu\/fr\/2026\/08\/09\/vers-un-monde-a-2-c-les-30-donnees-de-lete-du-basculement-ecologique\/\">Vers un monde \u00e0 +2 \u00b0C&nbsp;? Les 30 donn\u00e9es de l\u2019\u00e9t\u00e9 du basculement \u00e9cologique<\/a>&nbsp;(Le Grand Continent)<\/p>\n\n\n\n<p class=\"wp-block-paragraph\"><a href=\"https:\/\/lundi.am\/Je-desire-la-sterilite\" target=\"_blank\" rel=\"noreferrer noopener\">\u00ab&nbsp;<em>Je d\u00e9sire la st\u00e9rilit\u00e9<\/em>&nbsp;\u00bb<\/a>. Pour un d\u00e9sarmement d\u00e9mographique (Lundimatin)<\/p>\n\n\n\n<p class=\"wp-block-paragraph\"><a href=\"https:\/\/www.rfi.fr\/fr\/moyen-orient\/20260808-isra%C3%ABl-la-fuite-des-cerveaux-a-doubl%C3%A9-en-cinq-ans\"><strong>Isra\u00ebl<\/strong> : la fuite des cerveaux a doubl\u00e9 en cinq ans<\/a> (RFI)<\/p>\n\n\n\n<p class=\"wp-block-paragraph\"><a href=\"https:\/\/www.contretemps.eu\/dossiers\/palestine-guerre-coloniale-liberation-nationale\/\"><strong>Palestine<\/strong>, guerre coloniale et lutte de lib\u00e9ration nationale<\/a> (Contretemps)<\/p>\n\n\n\n<p class=\"wp-block-paragraph\"><a href=\"https:\/\/www.mediapart.fr\/journal\/international\/100826\/diffamation-grace-prison-les-militants-marocains-constamment-face-la-justice\">Diffamation, gr\u00e2ce, prison&nbsp;:&nbsp;les militants <strong>marocains<\/strong> constamment face \u00e0 la justice<\/a>&nbsp;(M\u00e9diapart)<\/p>\n\n\n\n<p class=\"wp-block-paragraph\"><a href=\"https:\/\/lundi.am\/Colombie-la-nouvelle-extreme-droite-sous-l-angle-decolonial\" target=\"_blank\" rel=\"noreferrer noopener\"><strong>Colombie<\/strong>&nbsp;: la nouvelle extr\u00eame droite sous l\u2019angle d\u00e9colonial<\/a> (Lundimatin)<\/p>\n\n\n\n<p class=\"wp-block-paragraph\"><a href=\"https:\/\/journal-labreche.fr\/euro-numerique-face-a-la-concurrence-privee-cette-nouveaute-pour-ne-rien-changer\/\">Euro num\u00e9rique : face \u00e0 la concurrence priv\u00e9e, cette \u00ab nouveaut\u00e9 \u00bb pour ne rien changer<\/a> (La Br\u00e8che)<\/p>\n\n\n\n<p class=\"wp-block-paragraph\"><a href=\"https:\/\/frustrationmagazine.fr\/riches-radins\">Pourquoi les riches sont-ils les plus radins ?<\/a> (Frustration)<\/p>\n\n\n\n<p class=\"wp-block-paragraph\"><a href=\"https:\/\/www.blast-info.fr\/articles\/2026\/ils-nous-terrorisent-par-tous-les-moyens-possibles-a-jerusalem-est-le-nettoyage-ethnique-des-palestiniens-continue-1fJUISCzSUSAGGvcuNwIEg\">\u00ab\u202fIls nous terrorisent par tous les moyens possibles\u202f\u00bb\u202f: \u00e0 <strong>J\u00e9rusalem-Est<\/strong>, le nettoyage ethnique des Palestiniens continue<\/a> (blast)<\/p>\n\n\n\n<p class=\"wp-block-paragraph\"><strong>Analyse et d\u00e9cryptage : notre s\u00e9lection<\/strong><\/p>\n\n\n\n<p class=\"wp-block-paragraph\"><em><u>Alternative<\/u>&nbsp;:<\/em> <a href=\"https:\/\/reporterre.net\/22-oC-sans-clim-le-pari-reussi-de-la-maison-en-terre-et-en-bois\">22 \u00b0C sans clim&nbsp;: le pari r\u00e9ussi de la maison en terre et en bois<\/a> (Reporterre)<\/p>\n\n\n\n<p class=\"wp-block-paragraph\"><a href=\"https:\/\/lareleveetlapeste.fr\/des-aborigenes-ont-recupere-33-000-hectares-de-zones-humides-pour-les-regenerer\/\">Des aborig\u00e8nes ont r\u00e9cup\u00e9r\u00e9 33 000 hectares de zones humides pour les r\u00e9g\u00e9n\u00e9rer<\/a> (La Rel\u00e8ve et la Peste)<\/p>\n\n\n\n<p class=\"wp-block-paragraph\"><em><u>\u00c9conomie<\/u>&nbsp;:<\/em> <a href=\"https:\/\/redir.mailing.alternatives-economiques.fr\/lnk\/AWYAAKUbtK4AAAAWznAAAD8WLEIAAAABXLcAA2znACPv_gBqdKkNyvRNNRRJRH-ACnwq8GQzrQAhqPw\/5\/8_pecRxg5gDZD0fN7wMLMg\/aHR0cHM6Ly93d3cuYWx0ZXJuYXRpdmVzLWVjb25vbWlxdWVzLmZyL2wtZWNvbm9taWUtcmVlbGxlLWRlLWwtaW50ZWxsaWdlbmNlLWFydGlmaWNpZWxsZV8wNi0wOC0yMDI2P3V0bV9jYW1wYWlnbj1oZWJkb190b3VzJnV0bV9tZWRpdW09ZW1haWwmdXRtX3NvdXJjZT1lbWFpbGluZyZ1dG1fY29udGVudD0yNjA4MDY\" target=\"_blank\" rel=\"noreferrer noopener\">L\u2019\u00e9conomie r\u00e9elle de l\u2019intelligence artificielle<\/a> (Alter \u00e9co)&nbsp;<\/p>\n\n\n\n<p class=\"wp-block-paragraph\"><a href=\"https:\/\/76835.r.sp1-brevo.net\/mk\/cl\/f\/sh\/1t6Af4OiGsEagAv2XXyyCnUomOnK1k\/MSc8Jo1YJ5dv\" target=\"_blank\" rel=\"noreferrer noopener\">1 %. Reprendre le pouvoir face \u00e0 la toute-puissance des riches &#8211; Vandana Shiva<\/a> (Elucid)<\/p>\n\n\n\n<p class=\"wp-block-paragraph\"><em><em><u>Migrations<\/u><\/em>&nbsp;:<\/em><a href=\"https:\/\/rebellyon.info\/Les-regimes-d-elaboration-de-frontieres-40137\"> \u201cLes r\u00e9gimes d\u2019\u00e9laboration de fronti\u00e8res\u201d : comprendre la crise migratoire mondiale avec Harsha Walia<\/a> (Rebellyon)<\/p>\n\n\n\n<p class=\"wp-block-paragraph\"><strong><strong><strong><mark style=\"background-color:rgba(0, 0, 0, 0);color:#ed1010\" class=\"has-inline-color\">L&rsquo;essentiel du 7 ao\u00fbt<\/mark><\/strong><\/strong><\/strong><\/p>\n\n\n\n<p class=\"wp-block-paragraph\"><a href=\"https:\/\/www.franceinfo.fr\/economie\/greve\/reportage-si-on-ne-se-mobilise-pas-avec-eux-nous-serons-seuls-quand-viendra-notre-tour-les-associations-et-benevoles-ont-repondu-presents-a-la-mobilisation-du-samu-social-de-paris_8137481.html\">\u00ab\u00a0Si on ne se mobilise pas avec eux, nous serons seuls quand viendra notre tour\u00a0\u00bb&nbsp;: les associations et b\u00e9n\u00e9voles ont r\u00e9pondu pr\u00e9sents \u00e0 la mobilisation du Samu social de Paris<\/a> (France Info)<\/p>\n\n\n\n<p class=\"wp-block-paragraph\"><a href=\"https:\/\/frustrationmagazine.fr\/gentrification\">G comme gentrification avec Anne Clerval <\/a>(L\u2019ABC de Frustration)<\/p>\n\n\n\n<p class=\"wp-block-paragraph\"><strong><strong><strong><mark style=\"background-color:rgba(0, 0, 0, 0);color:#ed1010\" class=\"has-inline-color\">L&rsquo;essentiel du 6 ao\u00fbt<\/mark><\/strong><\/strong><\/strong><\/p>\n\n\n\n<p class=\"wp-block-paragraph\"><a href=\"https:\/\/www.politis.fr\/articles\/2026\/05\/carte-blanche-droits-des-femmes-ce-qui-semblait-impensable-hier-devient-possible\/\">Droits des femmes&nbsp;: \u00ab&nbsp;<em>Ce qui semblait impensable hier devient possible&nbsp;<\/em>\u00bb<\/a> (Politis)<\/p>\n\n\n\n<p class=\"wp-block-paragraph\"><a href=\"https:\/\/lareleveetlapeste.fr\/400-000-personnes-veulent-interdire-la-chasse-dans-les-zones-incendiees\/\">400 000 personnes veulent interdire la chasse dans les zones incendi\u00e9es<\/a> (La Rel\u00e8ve et La Peste)<\/p>\n\n\n\n<p class=\"wp-block-paragraph\"><a href=\"https:\/\/www.youtube.com\/watch?v=5gfdA0ehA54\">\u201c<em>Les oligarques nous font croire \u00e0 une pseudo d\u00e9mocratie<\/em>\u201d&nbsp; Entretien avec F\u00e9lix Marquardt<\/a> (blast)<\/p>\n\n\n\n<p class=\"wp-block-paragraph\"><strong><strong><strong><mark style=\"background-color:rgba(0, 0, 0, 0);color:#ed1010\" class=\"has-inline-color\">L&rsquo;essentiel du 5 ao\u00fbt<\/mark><\/strong><\/strong><\/strong><\/p>\n\n\n\n<p class=\"wp-block-paragraph\"><a href=\"https:\/\/www.blast-info.fr\/articles\/2026\/jusqu-ici-tout-va-mal-juillet-2026-ubjnNe7iQJ-GmRFBfAIF7g\">Jusqu&rsquo;ici tout va mal &#8211; Juillet 2026<\/a> (blast)<\/p>\n\n\n\n<p class=\"wp-block-paragraph\"><a href=\"https:\/\/blogs.mediapart.fr\/william-acker\/blog\/040826\/gens-du-voyage-gabriel-attal-cote-de-la-plaque\">\u00ab&nbsp;<em>Gens du voyage&nbsp;<\/em>\u00bb : Gabriel Attal \u00e0 c\u00f4t\u00e9 de la plaque<\/a> (W.Acker &#8211; Le Club de MDP)<\/p>\n\n\n\n<p class=\"wp-block-paragraph\"><a href=\"https:\/\/regards.fr\/la-guerre-nest-plus-ce-quelle-etait\/\">\u00ab <em>La guerre n\u2019est plus ce qu\u2019elle \u00e9tait <\/em>\u00bb<\/a> (Regards)<\/p>\n\n\n\n<p class=\"wp-block-paragraph\"><a href=\"https:\/\/reporterre.net\/C-est-du-mepris-de-classe-une-mairie-profite-des-incendies-pour-supprimer-des-jardins\">\u00ab&nbsp;<em>C\u2019est du m\u00e9pris de classe&nbsp;<\/em>\u00bb&nbsp;: une mairie profite des incendies pour supprimer des jardins familiaux<\/a> (Reporterre)<\/p>\n\n\n\n<p class=\"wp-block-paragraph\"><strong><strong><strong><mark style=\"background-color:rgba(0, 0, 0, 0);color:#ed1010\" class=\"has-inline-color\">L&rsquo;essentiel du 4 ao\u00fbt<\/mark><\/strong><\/strong><\/strong><\/p>\n\n\n\n<p class=\"wp-block-paragraph\"><a href=\"https:\/\/www.youtube.com\/watch?v=olYz8cKuflA\"><strong>Espagne<\/strong> : une politique qui r\u00e9siste \u00e0 l\u2019extr\u00eame droite ?<\/a> (blast)<\/p>\n\n\n\n<p class=\"wp-block-paragraph\"><a href=\"https:\/\/www.youtube.com\/watch?v=TkkZOqKt1Zg\">Le minist\u00e8re du travail fait la guerre aux inspecteurs &#8211; vid\u00e9o<\/a> (blast)<\/p>\n\n\n\n<p class=\"wp-block-paragraph\"><a href=\"https:\/\/www.cadtm.org\/Bolivie-Un-mouvement-social-historique-en-mai-juin-2026\"><strong>Bolivie<\/strong>&nbsp;: Un mouvement social historique en mai-juin 2026<\/a> (CADTM)<\/p>\n\n\n\n<p class=\"wp-block-paragraph\"><a href=\"https:\/\/lvsl.fr\/au-vietnam-la-scene-punk-en-dialogue-avec-les-autorites-communistes-reportage\/\">Au <strong>Vietnam<\/strong>, la sc\u00e8ne punk en dialogue avec les autorit\u00e9s communistes<\/a> (LVSL)<\/p>\n\n\n\n<p class=\"wp-block-paragraph\"><a href=\"https:\/\/theconversation.com\/ils-sont-parmi-nous-la-nouvelle-plateforme-de-la-maison-blanche-et-la-deshumanisation-des-sans-papiers-288434\">\u00ab&nbsp;<em>Ils sont parmi nous<\/em>&nbsp;\u00bb&nbsp;: la nouvelle plateforme de la Maison\u2011Blanche et la d\u00e9shumanisation des&nbsp;sans\u2011papiers<\/a> (The conversation)<\/p>\n\n\n\n<p class=\"wp-block-paragraph\"><strong><strong><strong><mark style=\"background-color:rgba(0, 0, 0, 0);color:#ed1010\" class=\"has-inline-color\">L&rsquo;essentiel du 3 ao\u00fbt<\/mark><\/strong><\/strong><\/strong><\/p>\n\n\n\n<p class=\"wp-block-paragraph\"><a href=\"https:\/\/theconversation.com\/inde-la-crise-de-la-classe-moyenne-nourrit-la-colere-etudiante-288761\"><strong>Inde<\/strong>&nbsp;: la crise de la classe moyenne nourrit la col\u00e8re&nbsp;\u00e9tudiante<\/a> (The Conversation)<\/p>\n\n\n\n<p class=\"wp-block-paragraph\"><a href=\"https:\/\/bellaciao.org\/Non-a-la-garantie-par-l-Etat-d-un-pret-bancaire-au-profit-du-RN\">Non \u00e0 la garantie par l\u2019\u00c9tat d\u2019un pr\u00eat bancaire au profit du RN <\/a>(Bellaciao)<\/p>\n\n\n\n<p class=\"wp-block-paragraph\"><strong><strong><strong><mark style=\"background-color:rgba(0, 0, 0, 0);color:#ed1010\" class=\"has-inline-color\">L&rsquo;essentiel du 1er ao\u00fbt<\/mark><\/strong><\/strong><\/strong><\/p>\n\n\n\n<p class=\"wp-block-paragraph\"><a href=\"https:\/\/legrandcontinent.eu\/fr\/2026\/07\/31\/pourquoi-ceuta-nest-pas-une-crise-migratoire-pour-leurope\/\">Pourquoi Ceuta n\u2019est pas une crise migratoire pour l\u2019Europe<\/a> (Le Grand Continent)<\/p>\n\n\n\n<p class=\"wp-block-paragraph\"><a href=\"https:\/\/76835.r.sp1-brevo.net\/mk\/cl\/f\/sh\/1t6Af4OiGsEagAv2XXyyCnUomOnK1k\/EIEpRpi34jUs\" target=\"_blank\" rel=\"noreferrer noopener\">Pourquoi les pauvres votent \u00e0 droite &#8211; Thomas Frank<\/a> (Elucid)<\/p>\n\n\n\n<p class=\"wp-block-paragraph\"><a href=\"https:\/\/newsletter.liberation.fr\/m\/ml\/200138\/559654\/t6SZ5Y4ynFKkJT7LD71XDebdZpIHPNXY6DBc0VVs-UI=\/x5F9h3pR5n8NkmJ2mbM+D4g+xc07qI5PCnchPnUXRhI=\/gwVOTF9PcGluaW9uc18yMDI2LTA3LTI5\">Climat, incendies : au \u00abFigaro\u00bb, le d\u00e9ni et l\u2019id\u00e9ologie jusqu\u2019\u00e0 l\u2019absurde<\/a> (Lib\u00e9ration)<\/p>\n\n\n\n<p class=\"wp-block-paragraph\"><a href=\"https:\/\/lareleveetlapeste.fr\/pour-entrainer-lia-les-geants-de-la-tech-achetent-des-millions-de-livres-avant-de-les-detruire\/\">Pour entra\u00eener l\u2019IA, les g\u00e9ants de la tech ach\u00e8tent des millions de livres avant de les d\u00e9truire<\/a> (La Rel\u00e8ve et la Peste)<\/p>\n\n\n\n<p class=\"wp-block-paragraph\"><a href=\"https:\/\/www.cadtm.org\/Mamdani-sur-Mandela-un-discours-inspirant-et-crucial\">Mamdani sur Mandela&nbsp;: un discours inspirant et crucial&nbsp;!<\/a> (CADTM)<\/p>\n\n\n\n<p class=\"wp-block-paragraph\"><a href=\"https:\/\/www.noovo.info\/nouvelles\/societe\/travail\/article\/les-300-travailleurs-darcelormittal-a-contrecoeur-declenchent-une-greve-illimitee\/\">Les 300 travailleurs d&rsquo;ArcelorMittal \u00e0 Contrecoeur d\u00e9clenchent une gr\u00e8ve illimit\u00e9e<\/a> (noovo info)<\/p>\n\n\n\n<p class=\"wp-block-paragraph\"><a href=\"https:\/\/www.laprovence.com\/article\/region\/3963446152480514\/la-justice-n-a-jamais-vu-ca-menaces-de-mort-au-travail-les-salaries-de-pamar-au-bout-de-3-ans-de-greve-a-marseille\">\u00ab\u00a0<em>La justice n\u2019a jamais vu \u00e7a<\/em>\u00a0\u00bb&nbsp;: menac\u00e9s de mort au travail, les salari\u00e9s de Pamar au bout de 3&nbsp;ans de gr\u00e8ve \u00e0 Marseille<\/a> (La Provence)<\/p>\n\n\n\n<p class=\"wp-block-paragraph\"><a href=\"https:\/\/www.monde-diplomatique.fr\/2026\/08\/DE_MONTJOYE\/69804\">Le panache des mis\u00e9reux<\/a> (Le Monde diplomatique)<\/p>\n\n\n\n<p class=\"wp-block-paragraph\"><a href=\"https:\/\/www.en-attendant-nadeau.fr\/2026\/08\/01\/repenser-le-postcolonial\/\">Repenser le postcolonial<\/a> (En attendant Nadeau)<\/p>\n\n\n\n<p class=\"wp-block-paragraph\"><a href=\"https:\/\/www.contretemps.eu\/tribunes-lutte-extreme-droite-stades-antifascisme\/\">Les tribunes sont aussi un terrain de la bataille antifasciste<\/a> (Contretemps)<\/p>\n\n\n\n<p class=\"wp-block-paragraph\"><\/p>\n","protected":false},"excerpt":{"rendered":"<p>Palestine,&nbsp;Iran&nbsp;: Analyses, vid\u00e9os et infos dans la rubrique&nbsp;Proche et Moyen-Orient Dossier IA&nbsp;: Actualit\u00e9, Analyses L&rsquo;essentiel du 31 ao\u00fbt Le frigo, l\u2019euro et le plan B (La pompe \u00e0 phynance) N\u2019oublions jamais cet \u00e9t\u00e9 de chaos, ne pardonnons pas aux responsables (Reporterre) Nvidia rach\u00e8te Hugging Face pour 12,9 milliards de dollars&nbsp;: un s\u00e9isme pour l\u2019\u00e9cosyst\u00e8me de &#8230; <a title=\"L&rsquo;Essentiel.\" class=\"read-more\" href=\"https:\/\/www.rdpemancipation.org\/\" aria-label=\"En savoir plus sur L&rsquo;Essentiel.\">Lire la suite<\/a><\/p>\n","protected":false},"author":1,"featured_media":0,"parent":0,"menu_order":0,"comment_status":"closed","ping_status":"closed","template":"","meta":{"_lmt_disableupdate":"","_lmt_disable":"","footnotes":""},"class_list":["post-153222","page","type-page","status-publish"],"jetpack_sharing_enabled":true,"_links":{"self":[{"href":"https:\/\/www.rdpemancipation.org\/index.php?rest_route=\/wp\/v2\/pages\/153222","targetHints":{"allow":["GET"]}}],"collection":[{"href":"https:\/\/www.rdpemancipation.org\/index.php?rest_route=\/wp\/v2\/pages"}],"about":[{"href":"https:\/\/www.rdpemancipation.org\/index.php?rest_route=\/wp\/v2\/types\/page"}],"author":[{"embeddable":true,"href":"https:\/\/www.rdpemancipation.org\/index.php?rest_route=\/wp\/v2\/users\/1"}],"replies":[{"embeddable":true,"href":"https:\/\/www.rdpemancipation.org\/index.php?rest_route=%2Fwp%2Fv2%2Fcomments&post=153222"}],"version-history":[{"count":609,"href":"https:\/\/www.rdpemancipation.org\/index.php?rest_route=\/wp\/v2\/pages\/153222\/revisions"}],"predecessor-version":[{"id":155630,"href":"https:\/\/www.rdpemancipation.org\/index.php?rest_route=\/wp\/v2\/pages\/153222\/revisions\/155630"}],"wp:attachment":[{"href":"https:\/\/www.rdpemancipation.org\/index.php?rest_route=%2Fwp%2Fv2%2Fmedia&parent=153222"}],"curies":[{"name":"wp","href":"https:\/\/api.w.org\/{rel}","templated":true}]}}